{"id":2051,"date":"2020-12-01T17:36:25","date_gmt":"2020-12-01T16:36:25","guid":{"rendered":"https:\/\/www.aibi.it\/coopaibc\/?post_type=mec-events&#038;p=2051"},"modified":"2021-02-04T15:14:29","modified_gmt":"2021-02-04T14:14:29","slug":"corso-webinar-le-responsabilita-penali-e-civili-delleducatore","status":"publish","type":"mec-events","link":"https:\/\/www.aibi.it\/coopaibc\/events\/corso-webinar-le-responsabilita-penali-e-civili-delleducatore\/","title":{"rendered":"WEBINAR Le responsabilit\u00e0 penali e civili dell\u2019educatore che lavora in contesti residenziali"},"content":{"rendered":"<p><\/p>\r\n<p><img loading=\"lazy\" decoding=\"async\" class=\"size-medium wp-image-1879 alignleft\" src=\"https:\/\/www.aibi.it\/coopaibc\/wp-content\/uploads\/2020\/09\/coros-operatori-cefam-300x158.jpg\" alt=\"\" width=\"300\" height=\"158\" srcset=\"https:\/\/www.aibi.it\/coopaibc\/wp-content\/uploads\/2020\/09\/coros-operatori-cefam-300x158.jpg 300w, https:\/\/www.aibi.it\/coopaibc\/wp-content\/uploads\/2020\/09\/coros-operatori-cefam-1024x538.jpg 1024w, https:\/\/www.aibi.it\/coopaibc\/wp-content\/uploads\/2020\/09\/coros-operatori-cefam-768x403.jpg 768w, https:\/\/www.aibi.it\/coopaibc\/wp-content\/uploads\/2020\/09\/coros-operatori-cefam.jpg 1200w\" sizes=\"auto, (max-width: 300px) 100vw, 300px\" \/>Il webinar \u00e8 rivolto a<strong> operatori del sociale<\/strong> che lavorano in contesti residenziali (ad es. comunit\u00e0 educative minori, mamma bambino, alloggi per l\u2019autonomia). La conoscenza delle fonti dei propri impegni e delle responsabilit\u00e0 cui va incontro l\u2019operatore nello svolgimento della propria attivit\u00e0 sono fondamentali per permettergli di agire con maggiore tranquillit\u00e0 e professionalit\u00e0 entro i limiti delle sue competenze.<\/p>\r\n<h3>Obiettivi del corso:<\/h3>\r\n<p>Dare all\u2019operatore le <strong>cognizioni giuridiche di base<\/strong> in relazione al concetto di responsabilit\u00e0 (civile, penale e deontologica), sia contrattuale che extracontrattuale, alle norme applicabili alla sua attivit\u00e0 e alle conseguenze di una eventuale violazione, unitamente agli strumenti giuridici e pratici per attenersi alle previsioni normative.<\/p>\r\n<h3>Metodologia<\/h3>\r\n<p>Il webinar prevede la definizione dei concetti di responsabilit\u00e0 in ambito civile e penale nonch\u00e9 deontologica in riferimento all\u2019attivit\u00e0 pratica dell\u2019operatore nei confronti sia del beneficiario, sia del datore di lavoro (Cooperativa, Associazione) sia della Pubblica Amministrazione, nonch\u00e9 dei rapporti tra operatori stessi nell\u2019espletamento di un progetto comune. Si svolger\u00e0 attraverso l\u2019illustrazione del contenuto letterale e della interpretazione delle norme giuridiche applicabili, la citazione di casi pratici derivanti da sentenze e di esempi concreti.<\/p>\r\n<h3>Requisiti minimi di partecipazione al Corso:<\/h3>\r\n<p>Il corso \u00e8 rivolto a operatori sociali che vogliono approfondire le tematiche proposte.<\/p>\r\n<h3>Programma del webinar<\/h3>\r\n<ul>\r\n<li>H 17.00 \u2013 17.15: benvenuto e presentazione del webinar<\/li>\r\n<li>H 17.15 \u2013 18.45: sessione formativa teorica e pratica<\/li>\r\n<li>H 18.45 \u2013 19.00: domande e conclusioni<\/li>\r\n<\/ul>\r\n<p>Il corso avr\u00e0 una durata di 2 ore.<\/p>\r\n<h3>Skill Conseguite al termine del Webinar:<\/h3>\r\n<p>Confronto, verifica e tangibile miglioramento della consapevolezza del proprio ruolo e delle conseguenze della propria attivit\u00e0 sia in rapporto al beneficiario sia all\u2019interno di un rapporto contrattuale con il proprio datore di lavoro e sia con la Pubblica Amministrazione. <strong>Consegna di Attestato di Partecipazione<\/strong><\/p>\r\n<h3>Strumenti e contenuti<\/h3>\r\n<p>Definizioni di responsabilit\u00e0 (indicazioni delle norme civili, penali e deontologiche, conseguenze delle violazioni, comportamenti richiesti)<\/p>\r\n<ul>\r\n<li>Responsabilit\u00e0 civile: contrattuale e aquiliana<\/li>\r\n<li>Responsabilit\u00e0 penale: dolo e colpa (negligenza, imperizia, imprudenza)<\/li>\r\n<li>Codice deontologico: norme di comportamento<\/li>\r\n<li>rapporto con il datore di lavoro, con la PA, con i colleghi<\/li>\r\n<li>danni da risarcimento.<\/li>\r\n<\/ul>\r\n<p>Il webinar si svolger\u00e0 attraverso l\u2019utilizzo della <strong>piattaforma ZOOM MEETING<\/strong>. I contenuti sulla tematica in oggetto verranno presentati attraverso l\u2019utilizzo di slide e\/o contenuti multimediali.<\/p>\r\n<h3>Docente:<\/h3>\r\n<p><strong>Avv. Luca Rebuscini<\/strong> del Foro di Pavia con studio legale in Landriano (PV) e Lodi.<\/p>\r\n<p>Lavora con AiBi dal 1999 inizialmente come collaboratore e, a seguito dell\u2019attivazione dell\u2019Ufficio Legale e dei diritti dei Minori, che ha partecipato ad avviare insieme ad altri colleghi, come consulente e avvocato dell\u2019Associazione.<\/p>\r\n<p>Svolge anche attivit\u00e0 legale privata quasi esclusivamente in ambito civile e soprattutto nel diritto di famiglia e con particolare attenzione alla tutela dei minori (affido, adozioni, diritto penale minorile, ecc).<\/p>\r\n<h3>Per info e Iscrizioni<\/h3>\r\n<p><a href=\"mailto:cefan@fondazioneaibi.it\">cefam@fondazioneaibi.it \u00a0<\/a> <a href=\"tel:+393400088431\"> Chiama +39.340.008.8431! <\/a><\/p>\r\n\n<!-- Buttons X - Start -->\n<style type=\"text\/css\">\/*1572-start*\/\n#btnsx-1572{text-align:center;margin-top:0px;margin-bottom:0px;margin-left:0px;margin-right:0px;padding-top:10px;padding-bottom:10px;padding-left:40px;padding-right:40px;}\n#btnsx-1572 .btnsx-text-primary{text-transform:uppercase;font-size:21px;line-height:21px;font-style:normal;color:#ffffff;padding-top:0px;padding-bottom:0px;padding-left:0px;padding-right:0px;}\n#btnsx-1572:hover .btnsx-text-primary{color:#ffffff;}\n#btnsx-1572 .btnsx-text-secondary{font-size:21px;line-height:21px;font-style:normal;color:#999;padding-top:0px;padding-bottom:0px;padding-left:0px;padding-right:0px;}\n#btnsx-1572:hover .btnsx-text-secondary{color:#777;}\n#btnsx-1572 .btnsx-icon{font-size:30px;line-height:32px;color:#ffffff;padding-top:0px;padding-bottom:0px;padding-left:18px;padding-right:0px;}\n#btnsx-1572 .btnsx-icon-img{top:0px;bottom:0px;left:0px;right:0px;}\n#btnsx-1572{background-color:#02c2f3!important;}\n#btnsx-1572:before{background-color:#65d6f2!important;}\n#btnsx-1572:hover{background-color:#65d6f2!important;}\n#btnsx-1572{border-top-width:0px;border-bottom-width:0px;border-left-width:0px;border-right-width:0px;border-style:none;border-top-left-radius:0px;border-top-right-radius:0px;border-bottom-left-radius:0px;border-bottom-right-radius:0px;}\n#btnsx-1572:hover{border-top-width:0px;border-bottom-width:0px;border-left-width:0px;border-right-width:0px;border-style:none;border-top-left-radius:0px;border-top-right-radius:0px;border-bottom-left-radius:0px;border-bottom-right-radius:0px;}\n#btnsx-1572{-webkit-box-shadow:none;box-shadow:none;}\n#btnsx-1572:hover{-webkit-box-shadow:none;box-shadow:none;}\n#btnsx-1572-dropdown .menu-item a{font-size:14px;font-style:normal;}\n#btnsx-1572-dropdown{border-top-width:1px;border-bottom-width:1px;border-left-width:1px;border-right-width:1px;border-style:solid;border-color:#ccc;border-top-left-radius:2px;border-top-right-radius:2px;border-bottom-left-radius:2px;border-bottom-right-radius:2px;}\n#btnsx-1572-dropdown:before{border-width:8px;margin-left:-8px;border-bottom-color:#ccc}\n#btnsx-1572-dropdown:after{border-width:6px;margin-left:-6px;}\n#btnsx-1572-dropdown{}\n@media screen and (max-width: 768px) {\n#btnsx-1572 {display:inline-block;}\n#btnsx-1572 .btnsx-text-primary {}\n#btnsx-1572 .btnsx-text-secondary {}\n#btnsx-1572 .btnsx-icon {}\n#btnsx-1572 .btnsx-divider {}\n}@media screen and (max-width: 480px) {\n#btnsx-1572 {display:inline-block;}\n#btnsx-1572 .btnsx-text-primary {}\n#btnsx-1572 .btnsx-text-secondary {}\n#btnsx-1572 .btnsx-icon {}\n#btnsx-1572 .btnsx-divider {}\n}\/*1572-end*\/\n<\/style><div id=\"btnsx-1572-wrap\" class=\"btnsx-wrap-center\" align=\"center\">\n<a href=\"https:\/\/www.aibi.it\/coopaibc\/iscrizione-corsi\/?corso=Le%20responsabilit%C3%A0%20penali%20e%20civili%20dell%E2%80%99educatore\" id=\"btnsx-1572\" target=\"_self\" class=\"btnsx-btn \"  data-animation-type=\"\">\n\t<span class=\"btnsx-text-primary \">Iscriviti al Corso<\/span><i class=\"btnsx-icon fa fa-cc-paypal\"><\/i><\/a>\n<\/div>\n<!-- Buttons X - End -->\n","protected":false},"excerpt":{"rendered":"<p>Il webinar &egrave; rivolto a operatori del sociale che lavorano in contesti residenziali (ad es. comunit&agrave; educative minori, mamma bambino, alloggi per l&rsquo;autonomia). La conoscenza delle fonti dei propri impegni e delle responsabilit&agrave; cui va incontro l&rsquo;operatore nello svolgimento della propria attivit&agrave; sono fondamentali per permettergli di agire con maggiore [&hellip;]<\/p>\n","protected":false},"author":1,"featured_media":1879,"comment_status":"closed","ping_status":"closed","template":"","tags":[],"mec_category":[23],"mec_speaker":[],"class_list":{"0":"post-2051","1":"mec-events","2":"type-mec-events","3":"status-publish","4":"has-post-thumbnail","6":"mec_category-webinar"},"yoast_head":"<!-- This site is optimized with the Yoast SEO plugin v26.1.1 - https:\/\/yoast.com\/wordpress\/plugins\/seo\/ -->\n<title>WEBINAR Le responsabilit\u00e0 penali e civili dell\u2019educatore che lavora in contesti residenziali - AIBC<\/title>\n<meta name=\"robots\" content=\"index, follow, max-snippet:-1, max-image-preview:large, max-video-preview:-1\" \/>\n<link rel=\"canonical\" href=\"https:\/\/www.aibi.it\/coopaibc\/events\/corso-webinar-le-responsabilita-penali-e-civili-delleducatore\/\" \/>\n<meta property=\"og:locale\" content=\"it_IT\" \/>\n<meta property=\"og:type\" content=\"article\" \/>\n<meta property=\"og:title\" content=\"WEBINAR Le responsabilit\u00e0 penali e civili dell\u2019educatore che lavora in contesti residenziali - AIBC\" \/>\n<meta property=\"og:description\" content=\"Il webinar &egrave; rivolto a operatori del sociale che lavorano in contesti residenziali (ad es. comunit&agrave; educative minori, mamma bambino, alloggi per l&rsquo;autonomia). La conoscenza delle fonti dei propri impegni e delle responsabilit&agrave; cui va incontro l&rsquo;operatore nello svolgimento della propria attivit&agrave; sono fondamentali per permettergli di agire con maggiore [&hellip;]\" \/>\n<meta property=\"og:url\" content=\"https:\/\/www.aibi.it\/coopaibc\/events\/corso-webinar-le-responsabilita-penali-e-civili-delleducatore\/\" \/>\n<meta property=\"og:site_name\" content=\"AIBC\" \/>\n<meta property=\"article:modified_time\" content=\"2021-02-04T14:14:29+00:00\" \/>\n<meta property=\"og:image\" content=\"https:\/\/www.aibi.it\/coopaibc\/wp-content\/uploads\/2020\/09\/coros-operatori-cefam.jpg\" \/>\n\t<meta property=\"og:image:width\" content=\"1200\" \/>\n\t<meta property=\"og:image:height\" content=\"630\" \/>\n\t<meta property=\"og:image:type\" content=\"image\/jpeg\" \/>\n<meta name=\"twitter:card\" content=\"summary_large_image\" \/>\n<meta name=\"twitter:label1\" content=\"Tempo di lettura stimato\" \/>\n\t<meta name=\"twitter:data1\" content=\"3 minuti\" \/>\n<script type=\"application\/ld+json\" class=\"yoast-schema-graph\">{\"@context\":\"https:\/\/schema.org\",\"@graph\":[{\"@type\":\"WebPage\",\"@id\":\"https:\/\/www.aibi.it\/coopaibc\/events\/corso-webinar-le-responsabilita-penali-e-civili-delleducatore\/\",\"url\":\"https:\/\/www.aibi.it\/coopaibc\/events\/corso-webinar-le-responsabilita-penali-e-civili-delleducatore\/\",\"name\":\"WEBINAR Le responsabilit\u00e0 penali e civili dell\u2019educatore che lavora in contesti residenziali - AIBC\",\"isPartOf\":{\"@id\":\"https:\/\/www.aibi.it\/coopaibc\/#website\"},\"primaryImageOfPage\":{\"@id\":\"https:\/\/www.aibi.it\/coopaibc\/events\/corso-webinar-le-responsabilita-penali-e-civili-delleducatore\/#primaryimage\"},\"image\":{\"@id\":\"https:\/\/www.aibi.it\/coopaibc\/events\/corso-webinar-le-responsabilita-penali-e-civili-delleducatore\/#primaryimage\"},\"thumbnailUrl\":\"https:\/\/www.aibi.it\/coopaibc\/wp-content\/uploads\/2020\/09\/coros-operatori-cefam.jpg\",\"datePublished\":\"2020-12-01T16:36:25+00:00\",\"dateModified\":\"2021-02-04T14:14:29+00:00\",\"breadcrumb\":{\"@id\":\"https:\/\/www.aibi.it\/coopaibc\/events\/corso-webinar-le-responsabilita-penali-e-civili-delleducatore\/#breadcrumb\"},\"inLanguage\":\"it-IT\",\"potentialAction\":[{\"@type\":\"ReadAction\",\"target\":[\"https:\/\/www.aibi.it\/coopaibc\/events\/corso-webinar-le-responsabilita-penali-e-civili-delleducatore\/\"]}]},{\"@type\":\"ImageObject\",\"inLanguage\":\"it-IT\",\"@id\":\"https:\/\/www.aibi.it\/coopaibc\/events\/corso-webinar-le-responsabilita-penali-e-civili-delleducatore\/#primaryimage\",\"url\":\"https:\/\/www.aibi.it\/coopaibc\/wp-content\/uploads\/2020\/09\/coros-operatori-cefam.jpg\",\"contentUrl\":\"https:\/\/www.aibi.it\/coopaibc\/wp-content\/uploads\/2020\/09\/coros-operatori-cefam.jpg\",\"width\":1200,\"height\":630},{\"@type\":\"BreadcrumbList\",\"@id\":\"https:\/\/www.aibi.it\/coopaibc\/events\/corso-webinar-le-responsabilita-penali-e-civili-delleducatore\/#breadcrumb\",\"itemListElement\":[{\"@type\":\"ListItem\",\"position\":1,\"name\":\"Home\",\"item\":\"https:\/\/www.aibi.it\/coopaibc\/\"},{\"@type\":\"ListItem\",\"position\":2,\"name\":\"Eventi\",\"item\":\"https:\/\/www.aibi.it\/coopaibc\/events\/\"},{\"@type\":\"ListItem\",\"position\":3,\"name\":\"WEBINAR Le responsabilit\u00e0 penali e civili dell\u2019educatore che lavora in contesti residenziali\"}]},{\"@type\":\"WebSite\",\"@id\":\"https:\/\/www.aibi.it\/coopaibc\/#website\",\"url\":\"https:\/\/www.aibi.it\/coopaibc\/\",\"name\":\"AIBC\",\"description\":\"Cooperativa Sociale\",\"publisher\":{\"@id\":\"https:\/\/www.aibi.it\/coopaibc\/#organization\"},\"potentialAction\":[{\"@type\":\"SearchAction\",\"target\":{\"@type\":\"EntryPoint\",\"urlTemplate\":\"https:\/\/www.aibi.it\/coopaibc\/?s={search_term_string}\"},\"query-input\":{\"@type\":\"PropertyValueSpecification\",\"valueRequired\":true,\"valueName\":\"search_term_string\"}}],\"inLanguage\":\"it-IT\"},{\"@type\":\"Organization\",\"@id\":\"https:\/\/www.aibi.it\/coopaibc\/#organization\",\"name\":\"AIBC\",\"url\":\"https:\/\/www.aibi.it\/coopaibc\/\",\"logo\":{\"@type\":\"ImageObject\",\"inLanguage\":\"it-IT\",\"@id\":\"https:\/\/www.aibi.it\/coopaibc\/#\/schema\/logo\/image\/\",\"url\":\"https:\/\/www.aibi.it\/coopaibc\/wp-content\/uploads\/2016\/11\/cropped-logo-aibc-arancio-neg-150-1.png\",\"contentUrl\":\"https:\/\/www.aibi.it\/coopaibc\/wp-content\/uploads\/2016\/11\/cropped-logo-aibc-arancio-neg-150-1.png\",\"width\":150,\"height\":88,\"caption\":\"AIBC\"},\"image\":{\"@id\":\"https:\/\/www.aibi.it\/coopaibc\/#\/schema\/logo\/image\/\"}}]}<\/script>\n<!-- \/ Yoast SEO plugin. -->","yoast_head_json":{"title":"WEBINAR Le responsabilit\u00e0 penali e civili dell\u2019educatore che lavora in contesti residenziali - AIBC","robots":{"index":"index","follow":"follow","max-snippet":"max-snippet:-1","max-image-preview":"max-image-preview:large","max-video-preview":"max-video-preview:-1"},"canonical":"https:\/\/www.aibi.it\/coopaibc\/events\/corso-webinar-le-responsabilita-penali-e-civili-delleducatore\/","og_locale":"it_IT","og_type":"article","og_title":"WEBINAR Le responsabilit\u00e0 penali e civili dell\u2019educatore che lavora in contesti residenziali - AIBC","og_description":"Il webinar &egrave; rivolto a operatori del sociale che lavorano in contesti residenziali (ad es. comunit&agrave; educative minori, mamma bambino, alloggi per l&rsquo;autonomia). La conoscenza delle fonti dei propri impegni e delle responsabilit&agrave; cui va incontro l&rsquo;operatore nello svolgimento della propria attivit&agrave; sono fondamentali per permettergli di agire con maggiore [&hellip;]","og_url":"https:\/\/www.aibi.it\/coopaibc\/events\/corso-webinar-le-responsabilita-penali-e-civili-delleducatore\/","og_site_name":"AIBC","article_modified_time":"2021-02-04T14:14:29+00:00","og_image":[{"width":1200,"height":630,"url":"https:\/\/www.aibi.it\/coopaibc\/wp-content\/uploads\/2020\/09\/coros-operatori-cefam.jpg","type":"image\/jpeg"}],"twitter_card":"summary_large_image","twitter_misc":{"Tempo di lettura stimato":"3 minuti"},"schema":{"@context":"https:\/\/schema.org","@graph":[{"@type":"WebPage","@id":"https:\/\/www.aibi.it\/coopaibc\/events\/corso-webinar-le-responsabilita-penali-e-civili-delleducatore\/","url":"https:\/\/www.aibi.it\/coopaibc\/events\/corso-webinar-le-responsabilita-penali-e-civili-delleducatore\/","name":"WEBINAR Le responsabilit\u00e0 penali e civili dell\u2019educatore che lavora in contesti residenziali - AIBC","isPartOf":{"@id":"https:\/\/www.aibi.it\/coopaibc\/#website"},"primaryImageOfPage":{"@id":"https:\/\/www.aibi.it\/coopaibc\/events\/corso-webinar-le-responsabilita-penali-e-civili-delleducatore\/#primaryimage"},"image":{"@id":"https:\/\/www.aibi.it\/coopaibc\/events\/corso-webinar-le-responsabilita-penali-e-civili-delleducatore\/#primaryimage"},"thumbnailUrl":"https:\/\/www.aibi.it\/coopaibc\/wp-content\/uploads\/2020\/09\/coros-operatori-cefam.jpg","datePublished":"2020-12-01T16:36:25+00:00","dateModified":"2021-02-04T14:14:29+00:00","breadcrumb":{"@id":"https:\/\/www.aibi.it\/coopaibc\/events\/corso-webinar-le-responsabilita-penali-e-civili-delleducatore\/#breadcrumb"},"inLanguage":"it-IT","potentialAction":[{"@type":"ReadAction","target":["https:\/\/www.aibi.it\/coopaibc\/events\/corso-webinar-le-responsabilita-penali-e-civili-delleducatore\/"]}]},{"@type":"ImageObject","inLanguage":"it-IT","@id":"https:\/\/www.aibi.it\/coopaibc\/events\/corso-webinar-le-responsabilita-penali-e-civili-delleducatore\/#primaryimage","url":"https:\/\/www.aibi.it\/coopaibc\/wp-content\/uploads\/2020\/09\/coros-operatori-cefam.jpg","contentUrl":"https:\/\/www.aibi.it\/coopaibc\/wp-content\/uploads\/2020\/09\/coros-operatori-cefam.jpg","width":1200,"height":630},{"@type":"BreadcrumbList","@id":"https:\/\/www.aibi.it\/coopaibc\/events\/corso-webinar-le-responsabilita-penali-e-civili-delleducatore\/#breadcrumb","itemListElement":[{"@type":"ListItem","position":1,"name":"Home","item":"https:\/\/www.aibi.it\/coopaibc\/"},{"@type":"ListItem","position":2,"name":"Eventi","item":"https:\/\/www.aibi.it\/coopaibc\/events\/"},{"@type":"ListItem","position":3,"name":"WEBINAR Le responsabilit\u00e0 penali e civili dell\u2019educatore che lavora in contesti residenziali"}]},{"@type":"WebSite","@id":"https:\/\/www.aibi.it\/coopaibc\/#website","url":"https:\/\/www.aibi.it\/coopaibc\/","name":"AIBC","description":"Cooperativa Sociale","publisher":{"@id":"https:\/\/www.aibi.it\/coopaibc\/#organization"},"potentialAction":[{"@type":"SearchAction","target":{"@type":"EntryPoint","urlTemplate":"https:\/\/www.aibi.it\/coopaibc\/?s={search_term_string}"},"query-input":{"@type":"PropertyValueSpecification","valueRequired":true,"valueName":"search_term_string"}}],"inLanguage":"it-IT"},{"@type":"Organization","@id":"https:\/\/www.aibi.it\/coopaibc\/#organization","name":"AIBC","url":"https:\/\/www.aibi.it\/coopaibc\/","logo":{"@type":"ImageObject","inLanguage":"it-IT","@id":"https:\/\/www.aibi.it\/coopaibc\/#\/schema\/logo\/image\/","url":"https:\/\/www.aibi.it\/coopaibc\/wp-content\/uploads\/2016\/11\/cropped-logo-aibc-arancio-neg-150-1.png","contentUrl":"https:\/\/www.aibi.it\/coopaibc\/wp-content\/uploads\/2016\/11\/cropped-logo-aibc-arancio-neg-150-1.png","width":150,"height":88,"caption":"AIBC"},"image":{"@id":"https:\/\/www.aibi.it\/coopaibc\/#\/schema\/logo\/image\/"}}]}},"_links":{"self":[{"href":"https:\/\/www.aibi.it\/coopaibc\/wp-json\/wp\/v2\/mec-events\/2051","targetHints":{"allow":["GET"]}}],"collection":[{"href":"https:\/\/www.aibi.it\/coopaibc\/wp-json\/wp\/v2\/mec-events"}],"about":[{"href":"https:\/\/www.aibi.it\/coopaibc\/wp-json\/wp\/v2\/types\/mec-events"}],"author":[{"embeddable":true,"href":"https:\/\/www.aibi.it\/coopaibc\/wp-json\/wp\/v2\/users\/1"}],"replies":[{"embeddable":true,"href":"https:\/\/www.aibi.it\/coopaibc\/wp-json\/wp\/v2\/comments?post=2051"}],"wp:featuredmedia":[{"embeddable":true,"href":"https:\/\/www.aibi.it\/coopaibc\/wp-json\/wp\/v2\/media\/1879"}],"wp:attachment":[{"href":"https:\/\/www.aibi.it\/coopaibc\/wp-json\/wp\/v2\/media?parent=2051"}],"wp:term":[{"taxonomy":"post_tag","embeddable":true,"href":"https:\/\/www.aibi.it\/coopaibc\/wp-json\/wp\/v2\/tags?post=2051"},{"taxonomy":"mec_category","embeddable":true,"href":"https:\/\/www.aibi.it\/coopaibc\/wp-json\/wp\/v2\/mec_category?post=2051"},{"taxonomy":"mec_speaker","embeddable":true,"href":"https:\/\/www.aibi.it\/coopaibc\/wp-json\/wp\/v2\/mec_speaker?post=2051"}],"curies":[{"name":"wp","href":"https:\/\/api.w.org\/{rel}","templated":true}]}}