{"id":76103,"date":"2023-10-05T10:20:49","date_gmt":"2023-10-05T10:20:49","guid":{"rendered":"https:\/\/www.aibi.it\/lp\/?page_id=76103"},"modified":"2024-11-19T19:16:14","modified_gmt":"2024-11-19T19:16:14","slug":"ev-bb-24","status":"publish","type":"page","link":"https:\/\/www.aibi.it\/lp\/ev-bb-24\/","title":{"rendered":"PRENOTA SERATA O DJ SET"},"content":{"rendered":"[vc_row type=&#8221;full_width_background&#8221; full_screen_row_position=&#8221;middle&#8221; scene_position=&#8221;center&#8221; text_color=&#8221;dark&#8221; text_align=&#8221;left&#8221; id=&#8221;formadesione&#8221; overlay_strength=&#8221;0.3&#8243; shape_divider_position=&#8221;bottom&#8221; shape_type=&#8221;&#8221;][vc_column column_padding=&#8221;no-extra-padding&#8221; column_padding_position=&#8221;all&#8221; background_color_opacity=&#8221;1&#8243; background_hover_color_opacity=&#8221;1&#8243; column_shadow=&#8221;none&#8221; column_border_radius=&#8221;none&#8221; width=&#8221;1\/1&#8243; tablet_text_alignment=&#8221;default&#8221; phone_text_alignment=&#8221;default&#8221; column_border_width=&#8221;none&#8221; column_border_style=&#8221;solid&#8221; offset=&#8221;vc_hidden-lg vc_hidden-md vc_hidden-sm&#8221;]<div class=\"img-with-aniamtion-wrap center\" data-max-width=\"100%\" data-border-radius=\"none\"><div class=\"inner\"><img loading=\"lazy\" decoding=\"async\" data-shadow=\"none\" data-shadow-direction=\"middle\" class=\"img-with-animation \" data-delay=\"0\" height=\"1044\" width=\"2560\" data-animation=\"fade-in\" src=\"https:\/\/www.aibi.it\/lp\/wp-content\/uploads\/head2-dinner-scaled.jpg\" srcset=\"https:\/\/www.aibi.it\/lp\/wp-content\/uploads\/head2-dinner-scaled.jpg 2560w, https:\/\/www.aibi.it\/lp\/wp-content\/uploads\/head2-dinner-300x122.jpg 300w, https:\/\/www.aibi.it\/lp\/wp-content\/uploads\/head2-dinner-1024x418.jpg 1024w, https:\/\/www.aibi.it\/lp\/wp-content\/uploads\/head2-dinner-768x313.jpg 768w, https:\/\/www.aibi.it\/lp\/wp-content\/uploads\/head2-dinner-1536x627.jpg 1536w, https:\/\/www.aibi.it\/lp\/wp-content\/uploads\/head2-dinner-2048x836.jpg 2048w\" sizes=\"auto, 100vw\" alt=\"\" \/><\/div><\/div>[\/vc_column][\/vc_row][vc_row type=&#8221;full_width_background&#8221; full_screen_row_position=&#8221;middle&#8221; bg_image=&#8221;76299&#8243; bg_position=&#8221;center center&#8221; bg_repeat=&#8221;no-repeat&#8221; parallax_bg=&#8221;true&#8221; parallax_bg_speed=&#8221;fast&#8221; scene_position=&#8221;center&#8221; text_color=&#8221;light&#8221; text_align=&#8221;left&#8221; top_padding=&#8221;3%&#8221; bottom_padding=&#8221;3%&#8221; color_overlay=&#8221;#0a0a0a&#8221; overlay_strength=&#8221;0.3&#8243; shape_divider_position=&#8221;bottom&#8221; column_margin=&#8221;default&#8221; column_direction=&#8221;default&#8221; column_direction_tablet=&#8221;default&#8221; column_direction_phone=&#8221;default&#8221; background_image_loading=&#8221;default&#8221; row_border_radius=&#8221;none&#8221; row_border_radius_applies=&#8221;bg&#8221; bg_image_animation=&#8221;none&#8221; shape_type=&#8221;&#8221;][vc_column centered_text=&#8221;true&#8221; column_padding=&#8221;no-extra-padding&#8221; column_padding_position=&#8221;all&#8221; background_color_opacity=&#8221;1&#8243; background_hover_color_opacity=&#8221;1&#8243; column_shadow=&#8221;none&#8221; column_border_radius=&#8221;none&#8221; width=&#8221;1\/1&#8243; tablet_text_alignment=&#8221;default&#8221; phone_text_alignment=&#8221;default&#8221; column_border_width=&#8221;none&#8221; column_border_style=&#8221;solid&#8221; column_padding_tablet=&#8221;inherit&#8221; column_padding_phone=&#8221;inherit&#8221; column_element_spacing=&#8221;default&#8221; column_link_target=&#8221;_self&#8221; gradient_direction=&#8221;left_to_right&#8221; overlay_strength=&#8221;0.3&#8243; tablet_width_inherit=&#8221;default&#8221; bg_image_animation=&#8221;none&#8221; border_type=&#8221;simple&#8221;]<div class=\"img-with-aniamtion-wrap center\" data-max-width=\"100%\" data-border-radius=\"none\"><div class=\"inner\"><img loading=\"lazy\" decoding=\"async\" data-shadow=\"none\" data-shadow-direction=\"middle\" class=\"img-with-animation \" data-delay=\"0\" height=\"100\" width=\"100\" data-animation=\"fade-in\" src=\"https:\/\/www.aibi.it\/lp\/wp-content\/uploads\/Logo-BCFB-2024-600X190.svg\"  alt=\"\" \/><\/div><\/div><div class=\"divider-wrap\"><div style=\"height: 25px;\" class=\"divider\"><\/div><\/div>[vc_column_text]\n<h2 style=\"text-align: center;\">PRENOTA PER LA SERATA COMPLETA O PER IL DJ SET<\/h2>\n<h2 style=\"text-align: center;\">\u201cIL BELLO CHE FA BENE\u201d<i><\/i><\/h2>\n<h4 style=\"text-align: center;\"><em><strong>2 dicembre 2024 \/ <\/strong><\/em><em><strong>Fabbrica del Vapore <a href=\"https:\/\/g.co\/kgs\/8GnLxTt\" target=\"_blank\" rel=\"noopener\"><b>@ Vapore 1928 <\/b><\/a>&#8211; Milano &#8211; 18.00-24.00<\/strong><\/em><\/h4>\n[\/vc_column_text]<div class=\"divider-wrap\"><div style=\"height: 25px;\" class=\"divider\"><\/div><\/div>[nectar_btn size=&#8221;jumbo&#8221; button_style=&#8221;regular&#8221; button_color_2=&#8221;Accent-Color&#8221; color_override=&#8221;#ee7d0c&#8221; icon_family=&#8221;fontawesome&#8221; url=&#8221;#formform&#8221; css_animation=&#8221;bounce&#8221; icon_fontawesome=&#8221;fa fa-chevron-circle-down&#8221; text=&#8221;Partecipa&#8221;][\/vc_column][\/vc_row][vc_row type=&#8221;full_width_background&#8221; full_screen_row_position=&#8221;middle&#8221; bg_color=&#8221;#f4f4f4&#8243; scene_position=&#8221;center&#8221; text_color=&#8221;dark&#8221; text_align=&#8221;left&#8221; top_padding=&#8221;1%&#8221; bottom_padding=&#8221;1%&#8221; disable_element=&#8221;yes&#8221; overlay_strength=&#8221;0.5&#8243; shape_divider_position=&#8221;bottom&#8221; shape_type=&#8221;&#8221;][vc_column column_padding=&#8221;no-extra-padding&#8221; column_padding_position=&#8221;all&#8221; background_color_opacity=&#8221;1&#8243; background_hover_color_opacity=&#8221;1&#8243; column_shadow=&#8221;none&#8221; column_border_radius=&#8221;none&#8221; width=&#8221;1\/1&#8243; tablet_text_alignment=&#8221;default&#8221; phone_text_alignment=&#8221;default&#8221; column_border_width=&#8221;none&#8221; column_border_style=&#8221;solid&#8221;][page_submenu alignment=&#8221;center&#8221; bg_color=&#8221;#f4f4f4&#8243; link_color=&#8221;#ee7d0c&#8221;][page_link title=&#8221;HOME IL BELLO CHE FA BENE&#8221; id=&#8221;1730991519769-0-1&#8243; tab_id=&#8221;1730991519770-5&#8243; link_url=&#8221;https:\/\/www.aibi.it\/lp\/il-bello-che-fa-bene-2024\/&#8221;][\/page_link][page_link link_url=&#8221;https:\/\/www.aibi.it\/lp\/ev-bb-24\/&#8221; title=&#8221;PARTECIPA ALLA SERATA&#8221; id=&#8221;1730989168008-79517-65f2&#8243; tab_id=&#8221;1730991178024-0&#8243;] [\/page_link][page_link link_url=&#8221;https:\/\/www.aibi.it\/lp\/box-bb-24\/&#8221; title=&#8221;LE BOX CHE FANNO BENE&#8221; id=&#8221;1730989168039-39517-65f2&#8243; tab_id=&#8221;1730991178074-8&#8243;] [\/page_link][page_link link_new_tab=&#8221;true&#8221; title=&#8221;RACCOLTA FONDI&#8221; id=&#8221;1730989317109-49517-65f2&#8243; link_url=&#8221;https:\/\/dona.aibi.it\/dona-ora\/\/?act=cplt&amp;origine=web-landing-bb&#8221; tab_id=&#8221;1730991178130-1&#8243;][\/page_link][\/page_submenu][\/vc_column][\/vc_row][vc_row type=&#8221;in_container&#8221; full_screen_row_position=&#8221;middle&#8221; scene_position=&#8221;center&#8221; text_color=&#8221;dark&#8221; text_align=&#8221;left&#8221; overlay_strength=&#8221;0.3&#8243; shape_divider_position=&#8221;bottom&#8221; shape_type=&#8221;&#8221;][vc_column boxed=&#8221;true&#8221; column_padding=&#8221;padding-5-percent&#8221; column_padding_position=&#8221;all&#8221; background_color_opacity=&#8221;1&#8243; background_hover_color_opacity=&#8221;1&#8243; column_shadow=&#8221;none&#8221; column_border_radius=&#8221;none&#8221; width=&#8221;1\/1&#8243; tablet_text_alignment=&#8221;default&#8221; phone_text_alignment=&#8221;default&#8221; column_border_width=&#8221;2px&#8221; column_border_color=&#8221;#d8d8d8&#8243; column_border_style=&#8221;solid&#8221;][vc_column_text css_animation=&#8221;none&#8221; css=&#8221;.vc_custom_1730826151519{margin-top: 20px !important;margin-bottom: 5px !important;}&#8221;]\n<h4 style=\"text-align: center;\"><em><strong>Tradizione, Condivisione e Partecipazione<\/strong><\/em><em><strong><br \/>\n<b>Una serata di autentica condivisione, in cui ogni ospite diventa protagonista.<\/b><\/strong><\/em><\/h4>\n<p style=\"text-align: center;\"><strong>Partecipa attivamente<\/strong> e diventa protagonista di un\u2019esperienza di <strong>autentica solidariet\u00e0<\/strong>.<\/p>\n<p style=\"text-align: center;\">Ogni adesione \u00e8 un passo verso un futuro migliore per le bambine e i bambini abbandonati.<\/p>\n<p>&nbsp;<\/p>\n<h2 style=\"text-align: center;\">LA\u00a0SERATA<\/h2>\n<h3 style=\"text-align: center;\">Tradizione,\u00a0Condivisione e\u00a0Partecipazione<\/h3>\n<p style=\"text-align: center;\"><b>Una serata di autentica condivisione, in cui ogni ospite diventa protagonista.<\/b><\/p>\n<p style=\"text-align: center;\">Un evento coinvolgente e dinamico, una successione di esperienze da vivere insieme, ispirate ai classici mercatini di Natale, con i loro profumi, sapori e opportunit\u00e0 che ci ricollegano alle tradizioni autentiche e semplici.<\/p>\n<p style=\"text-align: center;\">Bellezza e generosit\u00e0 si intrecciano, creando momenti di dialogo, ispirazione e scambio in un\u2019atmosfera festosa e ricca di significato.<\/p>\n<p style=\"text-align: center;\">La serata sar\u00e0 accompagnata da un mix perfetto di\u00a0<b>tradizione e divertimento<\/b>: le melodie natalizie pi\u00f9 amate prenderanno vita con i classici cori di Natale del<b>\u00a0Rejoice Gospel Choir<\/b>, creando un\u2019atmosfera magica e calorosa. A seguire, il\u00a0<b><i>DJ set di Fargetta<\/i><\/b>\u00a0animer\u00e0 la festa con musica e ritmo, per un finale all\u2019insegna del divertimento e dell\u2019energia. Un\u2019esperienza musicale che unisce il calore delle tradizioni alla vivacit\u00e0 del presente.<\/p>\n<p style=\"text-align: center;\"><i>Un vero e proprio\u00a0<\/i><b><i>mercatino di Natale con prodotti donati dalle aziende<\/i><\/b><b><i>\u00a0accoglier\u00e0 i partecipanti in un\u2019atmosfera tipicamente natalizia<\/i><\/b><i>. Ogni invitato potr\u00e0 acquistare i prodotti che pi\u00f9 gli piacciono a fronte di\u00a0 una donazione minima\u00a0 e passare dalla\u00a0<\/i><b><i>gift station<\/i><\/b>\u00a0<i>per far confezionare i propri doni natalizi.<\/i><\/p>\n<p style=\"text-align: center;\"><i>Grazie alla generosit\u00e0 delle aziende che da sempre donano oggetti cult e prestigiosi per questo nobile fine, nel corso della serata si svolger\u00e0 la tradizionale asta battuta andra\u0300 a sostenere i sogni delle bambine e dei bambini abbandonati per garantire il loro\u00a0<\/i><b><i>DIRITTO\u00a0<\/i><\/b><i>di\u00a0\u00a0<\/i><b><i>ESSERE FIGLI<\/i><\/b><i>.<\/i><\/p>\n<p style=\"text-align: center;\"><strong>Donazione minima richiesta<\/strong>: 150 euro a persona<\/p>\n[\/vc_column_text][\/vc_column][\/vc_row][vc_row type=&#8221;in_container&#8221; full_screen_row_position=&#8221;middle&#8221; scene_position=&#8221;center&#8221; text_color=&#8221;dark&#8221; text_align=&#8221;left&#8221; id=&#8221;formform&#8221; overlay_strength=&#8221;0.3&#8243; shape_divider_position=&#8221;bottom&#8221; shape_type=&#8221;&#8221;][vc_column boxed=&#8221;true&#8221; column_padding=&#8221;padding-5-percent&#8221; column_padding_position=&#8221;all&#8221; background_color_opacity=&#8221;1&#8243; background_hover_color_opacity=&#8221;1&#8243; column_shadow=&#8221;none&#8221; column_border_radius=&#8221;none&#8221; width=&#8221;1\/1&#8243; tablet_text_alignment=&#8221;default&#8221; phone_text_alignment=&#8221;default&#8221; column_border_width=&#8221;2px&#8221; column_border_color=&#8221;#d8d8d8&#8243; column_border_style=&#8221;solid&#8221;][vc_row_inner column_margin=&#8221;default&#8221; text_align=&#8221;left&#8221;][vc_column_inner column_padding=&#8221;no-extra-padding&#8221; column_padding_position=&#8221;all&#8221; background_color_opacity=&#8221;1&#8243; background_hover_color_opacity=&#8221;1&#8243; column_shadow=&#8221;none&#8221; column_border_radius=&#8221;none&#8221; width=&#8221;1\/1&#8243; column_border_width=&#8221;none&#8221; column_border_style=&#8221;solid&#8221;][\/vc_column_inner][\/vc_row_inner][tabbed_section style=&#8221;material&#8221; alignment=&#8221;center&#8221; spacing=&#8221;side-15px&#8221; tab_color=&#8221;Accent-Color&#8221; icon_size=&#8221;24&#8243;][tab icon_family=&#8221;none&#8221; title=&#8221;SERATA&#8221; id=&#8221;1728902326-1-13&#8243; tab_id=&#8221;1728902347533-5&#8243;][vc_column_text]\n<h3><strong>PRENOTA PER LA SERATA COMPLETA<\/strong><\/h3>\n[\/vc_column_text][vc_row_inner column_margin=&#8221;default&#8221; text_align=&#8221;left&#8221;][vc_column_inner column_padding=&#8221;no-extra-padding&#8221; column_padding_position=&#8221;all&#8221; background_color_opacity=&#8221;1&#8243; background_hover_color_opacity=&#8221;1&#8243; column_shadow=&#8221;none&#8221; column_border_radius=&#8221;none&#8221; width=&#8221;1\/1&#8243; column_border_width=&#8221;none&#8221; column_border_style=&#8221;solid&#8221;][\/vc_column_inner][\/vc_row_inner][\/tab][tab icon_family=&#8221;none&#8221; title=&#8221;DJ SET&#8221; id=&#8221;1728902326-2-54&#8243; tab_id=&#8221;1728902347597-2&#8243;][vc_row_inner column_margin=&#8221;default&#8221; text_align=&#8221;left&#8221;][vc_column_inner column_padding=&#8221;no-extra-padding&#8221; column_padding_position=&#8221;all&#8221; background_color_opacity=&#8221;1&#8243; background_hover_color_opacity=&#8221;1&#8243; column_shadow=&#8221;none&#8221; column_border_radius=&#8221;none&#8221; width=&#8221;1\/1&#8243; column_border_width=&#8221;none&#8221; column_border_style=&#8221;solid&#8221;][vc_column_text]\n<h3><strong>PRENOTA DJ SET FARGETTA<\/strong><\/h3>\n<p>donazione minima di 75 \u20ac<br \/>\naccedi alla serata a partire dalle 21:30 per ballare al ritmo del <strong>DJ set esclusivo di Fargetta<\/strong>.<\/p>\n<p>Il biglietto include <strong>due consumazioni e uno speciale buffet dei dolci natalizi<\/strong> pi\u00f9 premiati d\u2019Italia.[\/vc_column_text][\/vc_column_inner][\/vc_row_inner][\/tab][\/tabbed_section][\/vc_column][\/vc_row][vc_row type=&#8221;in_container&#8221; full_screen_row_position=&#8221;middle&#8221; scene_position=&#8221;center&#8221; text_color=&#8221;dark&#8221; text_align=&#8221;left&#8221; id=&#8221;formadesione&#8221; disable_element=&#8221;yes&#8221; overlay_strength=&#8221;0.3&#8243; shape_divider_position=&#8221;bottom&#8221; shape_type=&#8221;&#8221;][vc_column boxed=&#8221;true&#8221; column_padding=&#8221;padding-5-percent&#8221; column_padding_position=&#8221;all&#8221; background_color_opacity=&#8221;1&#8243; background_hover_color_opacity=&#8221;1&#8243; column_shadow=&#8221;none&#8221; column_border_radius=&#8221;none&#8221; width=&#8221;1\/1&#8243; tablet_text_alignment=&#8221;default&#8221; phone_text_alignment=&#8221;default&#8221; column_border_width=&#8221;2px&#8221; column_border_color=&#8221;#d8d8d8&#8243; column_border_style=&#8221;solid&#8221;][vc_column_text css_animation=&#8221;none&#8221; css=&#8221;.vc_custom_1728910916746{margin-top: 20px !important;margin-bottom: 5px !important;}&#8221;]\n<h4 style=\"text-align: center;\"><em><strong>Tradizione, Condivisione e Partecipazione<\/strong><\/em><em><strong><br \/>\n<b>Una serata di autentica condivisione, in cui ogni ospite diventa protagonista.<\/b><\/strong><\/em><\/h4>\n<p style=\"text-align: center;\"><strong>Partecipa attivamente<\/strong> e diventa protagonista di un\u2019esperienza di <strong>autentica solidariet\u00e0<\/strong>.<\/p>\n<p style=\"text-align: center;\">Ogni adesione \u00e8 un passo verso un futuro migliore per le bambine e i bambini abbandonati.<\/p>\n[\/vc_column_text][\/vc_column][vc_column column_padding=&#8221;no-extra-padding&#8221; column_padding_position=&#8221;all&#8221; background_color_opacity=&#8221;1&#8243; background_hover_color_opacity=&#8221;1&#8243; column_shadow=&#8221;none&#8221; column_border_radius=&#8221;none&#8221; width=&#8221;1\/1&#8243; tablet_text_alignment=&#8221;default&#8221; phone_text_alignment=&#8221;default&#8221; column_border_width=&#8221;none&#8221; column_border_style=&#8221;solid&#8221;][\/vc_column][\/vc_row][vc_row type=&#8221;full_width_background&#8221; full_screen_row_position=&#8221;middle&#8221; bg_image=&#8221;72580&#8243; bg_position=&#8221;left top&#8221; bg_repeat=&#8221;no-repeat&#8221; bg_color=&#8221;#ffffff&#8221; scene_position=&#8221;center&#8221; text_color=&#8221;light&#8221; text_align=&#8221;left&#8221; id=&#8221;sotto&#8221; disable_element=&#8221;yes&#8221; overlay_strength=&#8221;0.3&#8243; enable_shape_divider=&#8221;true&#8221; shape_divider_color=&#8221;#ffffff&#8221; shape_divider_position=&#8221;bottom&#8221; shape_divider_height=&#8221;5%&#8221; column_margin=&#8221;default&#8221; column_direction=&#8221;default&#8221; column_direction_tablet=&#8221;default&#8221; column_direction_phone=&#8221;default&#8221; row_border_radius=&#8221;none&#8221; row_border_radius_applies=&#8221;bg&#8221; bg_image_animation=&#8221;none&#8221; shape_type=&#8221;straight_section&#8221;][vc_column column_padding=&#8221;no-extra-padding&#8221; column_padding_position=&#8221;all&#8221; background_color_opacity=&#8221;1&#8243; background_hover_color_opacity=&#8221;1&#8243; column_shadow=&#8221;large_depth&#8221; column_border_radius=&#8221;none&#8221; top_margin=&#8221;-7%&#8221; width=&#8221;1\/1&#8243; tablet_text_alignment=&#8221;default&#8221; phone_text_alignment=&#8221;default&#8221; column_border_width=&#8221;none&#8221; column_border_style=&#8221;solid&#8221; column_padding_tablet=&#8221;inherit&#8221; column_padding_phone=&#8221;inherit&#8221; column_element_spacing=&#8221;default&#8221; column_link_target=&#8221;_self&#8221; gradient_direction=&#8221;left_to_right&#8221; overlay_strength=&#8221;0.3&#8243; tablet_width_inherit=&#8221;default&#8221; bg_image_animation=&#8221;none&#8221; border_type=&#8221;simple&#8221;][vc_row_inner equal_height=&#8221;yes&#8221; content_placement=&#8221;middle&#8221; column_margin=&#8221;none&#8221; text_align=&#8221;left&#8221; column_direction=&#8221;default&#8221; column_direction_tablet=&#8221;default&#8221; column_direction_phone=&#8221;default&#8221; id=&#8221;about&#8221; css=&#8221;.vc_custom_1486684329109{background-color: #ffffff !important;}&#8221;][vc_column_inner background_image=&#8221;72580&#8243; enable_bg_scale=&#8221;true&#8221; column_padding=&#8221;padding-6-percent&#8221; column_padding_position=&#8221;all&#8221; centered_text=&#8221;true&#8221; background_color_opacity=&#8221;0.9&#8243; background_hover_color_opacity=&#8221;1&#8243; font_color=&#8221;#1c1c1c&#8221; column_shadow=&#8221;none&#8221; column_border_radius=&#8221;none&#8221; width=&#8221;1\/1&#8243; column_border_width=&#8221;none&#8221; column_border_style=&#8221;solid&#8221; column_padding_tablet=&#8221;inherit&#8221; column_padding_phone=&#8221;inherit&#8221; column_element_spacing=&#8221;default&#8221; background_image_position=&#8221;center center&#8221; background_image_loading=&#8221;default&#8221; column_link_target=&#8221;_self&#8221; enable_gradient=&#8221;true&#8221; color_overlay=&#8221;#b50505&#8243; color_overlay_2=&#8221;#dd3333&#8243; gradient_direction=&#8221;left_b_to_right_t&#8221; overlay_strength=&#8221;0.5&#8243; tablet_width_inherit=&#8221;default&#8221; bg_image_animation=&#8221;none&#8221; border_type=&#8221;simple&#8221;][vc_column_text css_animation=&#8221;none&#8221; css=&#8221;.vc_custom_1728920070765{margin-top: 20px !important;margin-bottom: 5px !important;}&#8221;]\n<h2 style=\"text-align: center;\"><span style=\"font-weight: 400;\">LA<\/span> <span style=\"font-weight: 400;\">S<\/span><span style=\"font-weight: 400;\">ERATA<\/span><\/h2>\n<h3 style=\"text-align: center;\"><span style=\"font-weight: 400;\">T<\/span><span style=\"font-weight: 400;\">radizione, <\/span><span style=\"font-weight: 400;\">C<\/span><span style=\"font-weight: 400;\">ondivisione e<\/span> <span style=\"font-weight: 400;\">P<\/span><span style=\"font-weight: 400;\">artecipazione<\/span><\/h3>\n<p style=\"text-align: center;\"><b>Una serata di autentica condivisione, in cui ogni ospite diventa protagonista.<\/b><\/p>\n<p style=\"text-align: center;\"><span style=\"font-weight: 400;\">Un evento coinvolgente e dinamico, una successione di esperienze da vivere insieme, ispirate ai classici mercatini di Natale, con i loro profumi, sapori e opportunit\u00e0 che ci ricollegano alle tradizioni autentiche e semplici.<\/span><\/p>\n<p style=\"text-align: center;\"><span style=\"font-weight: 400;\">Bellezza e generosit\u00e0 si intrecciano, creando momenti di dialogo, ispirazione e scambio in un\u2019atmosfera festosa e ricca di significato.<\/span><\/p>\n<p style=\"text-align: center;\"><span style=\"font-weight: 400;\">La serata sar\u00e0 accompagnata da un mix perfetto di <\/span><b>tradizione e divertimento<\/b><span style=\"font-weight: 400;\">: le melodie natalizie pi\u00f9 amate prenderanno vita con i classici cori di Natale del<\/span><b> Rejoice Gospel Choir<\/b><span style=\"font-weight: 400;\">, creando un\u2019atmosfera magica e calorosa. A seguire, il <\/span><b><i>DJ set di Fargetta<\/i><\/b><span style=\"font-weight: 400;\"> animer\u00e0 la festa con musica e ritmo, per un finale all\u2019insegna del divertimento e dell\u2019energia. Un\u2019esperienza musicale che unisce il calore delle tradizioni alla vivacit\u00e0 del presente.<\/span><\/p>\n<p style=\"text-align: center;\"><i><span style=\"font-weight: 400;\">Un vero e proprio <\/span><\/i><b><i>mercatino di natale con prodotti donati dalle aziende<\/i><\/b><b><i> accoglier\u00e0 i partecipanti in un\u2019atmosfera tipicamente natalizia<\/i><\/b><i><span style=\"font-weight: 400;\">. Ogni invitato potr\u00e0 acquistare i prodotti che pi\u00f9 gli piacciono a fronte di\u00a0 una donazione minima\u00a0 e passare dalla <\/span><\/i><b><i>gift station<\/i><\/b> <i><span style=\"font-weight: 400;\">per far confezionare i propri doni natalizi.<\/span><\/i><\/p>\n<p style=\"text-align: center;\"><i><span style=\"font-weight: 400;\">Grazie alla generosit\u00e0 delle aziende che da sempre donano oggetti cult e prestigiosi per questo nobile fine, nel corso della serata si svolger\u00e0 la tradizionale asta battuta andra\u0300 a sostenere i sogni delle bambine e dei bambini abbandonati per garantire il loro <\/span><\/i><b><i>DIRITTO <\/i><\/b><i><span style=\"font-weight: 400;\">di\u00a0 <\/span><\/i><b><i>ESSERE FIGLI<\/i><\/b><i><span style=\"font-weight: 400;\">.<\/span><\/i><\/p>\n<p style=\"text-align: center;\"><strong>Donazione minima richiesta<\/strong>: 150 euro a persona<\/p>\n<p style=\"text-align: center;\"><strong>Per le AZIENDE<\/strong> sono previsti dei pacchetti personalizzati, per maggiori informazioni<strong>: <\/strong>telefono: <strong>02 988221<\/strong> &#8211; mail:<strong><a href=\"mailto:ilbellochefabene@aibi.it\"> ilbellochefabene@aibi.it<\/a><\/strong><\/p>\n<p style=\"text-align: center;\"><strong>Per prenotazioni: <a href=\"#formadesione\">compila il modulo<\/a>.<\/strong><\/p>\n[\/vc_column_text][\/vc_column_inner][\/vc_row_inner][\/vc_column][\/vc_row][vc_row type=&#8221;full_width_background&#8221; full_screen_row_position=&#8221;middle&#8221; bg_image=&#8221;74835&#8243; bg_position=&#8221;center center&#8221; bg_repeat=&#8221;no-repeat&#8221; parallax_bg=&#8221;true&#8221; parallax_bg_speed=&#8221;fast&#8221; scene_position=&#8221;center&#8221; text_color=&#8221;light&#8221; text_align=&#8221;left&#8221; top_padding=&#8221;8%&#8221; bottom_padding=&#8221;8%&#8221; disable_element=&#8221;yes&#8221; color_overlay=&#8221;#0a0a0a&#8221; overlay_strength=&#8221;0.5&#8243; shape_divider_position=&#8221;bottom&#8221; column_margin=&#8221;default&#8221; column_direction=&#8221;default&#8221; column_direction_tablet=&#8221;default&#8221; column_direction_phone=&#8221;default&#8221; background_image_loading=&#8221;default&#8221; row_border_radius=&#8221;none&#8221; row_border_radius_applies=&#8221;bg&#8221; bg_image_animation=&#8221;none&#8221; shape_type=&#8221;&#8221;][vc_column centered_text=&#8221;true&#8221; column_padding=&#8221;no-extra-padding&#8221; column_padding_position=&#8221;all&#8221; background_color_opacity=&#8221;1&#8243; background_hover_color_opacity=&#8221;1&#8243; column_shadow=&#8221;none&#8221; column_border_radius=&#8221;none&#8221; width=&#8221;1\/1&#8243; tablet_text_alignment=&#8221;default&#8221; phone_text_alignment=&#8221;default&#8221; column_border_width=&#8221;none&#8221; column_border_style=&#8221;solid&#8221; column_padding_tablet=&#8221;inherit&#8221; column_padding_phone=&#8221;inherit&#8221; column_element_spacing=&#8221;default&#8221; column_link_target=&#8221;_self&#8221; gradient_direction=&#8221;left_to_right&#8221; overlay_strength=&#8221;0.3&#8243; tablet_width_inherit=&#8221;default&#8221; bg_image_animation=&#8221;none&#8221; border_type=&#8221;simple&#8221;][vc_row_inner disable_element=&#8221;yes&#8221; column_margin=&#8221;default&#8221; text_align=&#8221;center&#8221; css=&#8221;.vc_custom_1696501802528{margin-top: -10px !important;}&#8221;][vc_column_inner column_padding=&#8221;no-extra-padding&#8221; column_padding_position=&#8221;all&#8221; background_color_opacity=&#8221;1&#8243; background_hover_color_opacity=&#8221;1&#8243; column_shadow=&#8221;none&#8221; column_border_radius=&#8221;none&#8221; width=&#8221;1\/3&#8243; column_border_width=&#8221;none&#8221; column_border_style=&#8221;solid&#8221;][fancy_box box_style=&#8221;parallax_hover&#8221; icon_family=&#8221;iconsmind&#8221; image_url=&#8221;75020&#8243; color_scheme=&#8221;dark&#8221; secondary_content=&#8221;here&#8217;s some awesome text that would only be shown on hover&#8221; link_url=&#8221;https:\/\/www.aibi.it\/temporary-shop\/il-bello-che-fa-bene-scarto-zero\/&#8221; icon_iconsmind=&#8221;iconsmind-One-Finger&#8221; min_height=&#8221;300&#8243;]\n<h2>Charity<br \/>\nDinner<\/h2>\n<h5>&#8220;La Notte delle Luci&#8221;<\/h5>\n[\/fancy_box][nectar_btn size=&#8221;jumbo&#8221; button_style=&#8221;regular&#8221; button_color_2=&#8221;Accent-Color&#8221; color_override=&#8221;#e21616&#8243; icon_family=&#8221;fontawesome&#8221; url=&#8221;#formprenota&#8221; css_animation=&#8221;bounce&#8221; icon_fontawesome=&#8221;fa fa-user-plus&#8221; text=&#8221;PRENOTA&#8221;][\/vc_column_inner][vc_column_inner column_padding=&#8221;no-extra-padding&#8221; column_padding_position=&#8221;all&#8221; background_color_opacity=&#8221;1&#8243; background_hover_color_opacity=&#8221;1&#8243; column_shadow=&#8221;none&#8221; column_border_radius=&#8221;none&#8221; width=&#8221;1\/3&#8243; column_border_width=&#8221;none&#8221; column_border_style=&#8221;solid&#8221;][fancy_box box_style=&#8221;parallax_hover&#8221; icon_family=&#8221;iconsmind&#8221; image_url=&#8221;75059&#8243; color_scheme=&#8221;dark&#8221; secondary_content=&#8221;here&#8217;s some awesome text that would only be shown on hover&#8221; link_url=&#8221;https:\/\/www.aibi.it\/temporary-shop\/&#8221; icon_iconsmind=&#8221;iconsmind-One-Finger&#8221; min_height=&#8221;300&#8243;]\n<h2>Temporary Shop<\/h2>\n<h5>Solidale online<\/h5>\n[\/fancy_box][nectar_btn size=&#8221;jumbo&#8221; button_style=&#8221;regular&#8221; button_color_2=&#8221;Accent-Color&#8221; color_override=&#8221;#e21616&#8243; icon_family=&#8221;fontawesome&#8221; url=&#8221;#formpartecipa&#8221; css_animation=&#8221;bounce&#8221; icon_fontawesome=&#8221;fa fa-cart-plus&#8221; text=&#8221;DONA PRODOTTI&#8221;][\/vc_column_inner][vc_column_inner column_padding=&#8221;no-extra-padding&#8221; column_padding_position=&#8221;all&#8221; background_color_opacity=&#8221;1&#8243; background_hover_color_opacity=&#8221;1&#8243; column_shadow=&#8221;none&#8221; column_border_radius=&#8221;none&#8221; width=&#8221;1\/3&#8243; column_border_width=&#8221;none&#8221; column_border_style=&#8221;solid&#8221;][fancy_box box_style=&#8221;parallax_hover&#8221; icon_family=&#8221;iconsmind&#8221; image_url=&#8221;73254&#8243; color_scheme=&#8221;dark&#8221; secondary_content=&#8221;here&#8217;s some awesome text that would only be shown on hover&#8221; link_url=&#8221;https:\/\/www.aibi.it\/lp\/raccolta-fondi-altro-tuo-figlio\/&#8221; icon_iconsmind=&#8221;iconsmind-One-Finger&#8221; min_height=&#8221;300&#8243;]\n<h2>Raccolta Fondi<\/h2>\n<h5>&#8220;L&#8217;altro tuo figlio&#8221;<\/h5>\n[\/fancy_box][nectar_btn size=&#8221;jumbo&#8221; button_style=&#8221;regular&#8221; button_color_2=&#8221;Accent-Color&#8221; color_override=&#8221;#e21616&#8243; icon_family=&#8221;fontawesome&#8221; url=&#8221;#donaraccoltafondi&#8221; css_animation=&#8221;bounce&#8221; icon_fontawesome=&#8221;fa fa-heart&#8221; text=&#8221;DONA ORA&#8221;][\/vc_column_inner][\/vc_row_inner][vc_row_inner column_margin=&#8221;default&#8221; text_align=&#8221;left&#8221;][vc_column_inner column_padding=&#8221;no-extra-padding&#8221; column_padding_position=&#8221;all&#8221; centered_text=&#8221;true&#8221; background_color_opacity=&#8221;1&#8243; background_hover_color_opacity=&#8221;1&#8243; column_shadow=&#8221;none&#8221; column_border_radius=&#8221;none&#8221; width=&#8221;1\/1&#8243; column_border_width=&#8221;none&#8221; column_border_style=&#8221;solid&#8221;][nectar_btn size=&#8221;jumbo&#8221; button_style=&#8221;regular-tilt&#8221; button_color=&#8221;Accent-Color&#8221; color_override=&#8221;#e21616&#8243; icon_family=&#8221;fontawesome&#8221; url=&#8221;#formpartecipa&#8221; css_animation=&#8221;bounce&#8221; icon_fontawesome=&#8221;fa fa-chevron-circle-down&#8221; text=&#8221;PARTECIPA&#8221;][\/vc_column_inner][\/vc_row_inner][vc_row_inner column_margin=&#8221;default&#8221; text_align=&#8221;left&#8221;][vc_column_inner column_padding=&#8221;no-extra-padding&#8221; column_padding_position=&#8221;all&#8221; background_color_opacity=&#8221;1&#8243; background_hover_color_opacity=&#8221;1&#8243; column_shadow=&#8221;none&#8221; column_border_radius=&#8221;none&#8221; width=&#8221;1\/1&#8243; column_border_width=&#8221;none&#8221; column_border_style=&#8221;solid&#8221;]<div class=\"img-with-aniamtion-wrap center\" data-max-width=\"100%\" data-border-radius=\"none\"><div class=\"inner\"><img loading=\"lazy\" decoding=\"async\" data-shadow=\"none\" data-shadow-direction=\"middle\" class=\"img-with-animation \" data-delay=\"0\" height=\"85\" width=\"200\" data-animation=\"none\" src=\"https:\/\/www.aibi.it\/lp\/wp-content\/uploads\/logo-aibi-bianco200.png\"  alt=\"\" \/><\/div><\/div><div class=\"divider-wrap\"><div style=\"height: 20px;\" class=\"divider\"><\/div><\/div><div class=\"img-with-aniamtion-wrap \" data-max-width=\"100%\" data-border-radius=\"20px\"><div class=\"inner\"><a href=\"https:\/\/www.aibi.it\/lp\/il-bello-che-fa-bene\/#sotto\" target=\"_self\" class=\"\"><img loading=\"lazy\" decoding=\"async\" data-shadow=\"medium_depth\" data-shadow-direction=\"middle\" class=\"img-with-animation \" data-delay=\"350\" height=\"78\" width=\"250\" data-animation=\"fade-in\" src=\"https:\/\/www.aibi.it\/lp\/wp-content\/uploads\/IL-BELLO-CHE-FA-BENE-landing200.jpg\"  alt=\"\" \/><\/a><\/div><\/div><div class=\"divider-wrap\"><div style=\"height: 25px;\" class=\"divider\"><\/div><\/div>[vc_column_text]\n<h2 style=\"text-align: center;\">\u201cIl Bello che fa Bene\u201d compie 20 anni e insieme a grandi amici e chef diventa a &#8220;Scarto Zero&#8221;!<\/h2>\n<h4 style=\"text-align: center;\"><\/h4>\n[\/vc_column_text][\/vc_column_inner][\/vc_row_inner][vc_row_inner column_margin=&#8221;default&#8221; text_align=&#8221;left&#8221;][vc_column_inner column_padding=&#8221;no-extra-padding&#8221; column_padding_position=&#8221;all&#8221; background_color_opacity=&#8221;1&#8243; background_hover_color_opacity=&#8221;1&#8243; column_shadow=&#8221;none&#8221; column_border_radius=&#8221;none&#8221; width=&#8221;1\/1&#8243; column_border_width=&#8221;none&#8221; column_border_style=&#8221;solid&#8221;][vc_column_text]\n<h4 style=\"text-align: center;\"><em>Non \u00e8 solo un evento natalizio. \u00c8 un modo di pensare, \u00e8 un approccio filosofico che raccoglie tutti i protagonisti del bello, sotto un comune intento di solidariet\u00e0. Anche quest\u2019anno grandi nomi si uniscono a difesa del diritto di ogni bambino a essere figlio<\/em><i><\/i><\/h4>\n<h3 style=\"text-align: center;\"><strong>Marted\u00ec 21 dicembre<\/strong> ore 19 collegati alla <a href=\"https:\/\/www.facebook.com\/Amicideibambini\">diretta Facebook<\/a><\/h3>\n[\/vc_column_text][\/vc_column_inner][\/vc_row_inner][\/vc_column][\/vc_row][vc_row type=&#8221;in_container&#8221; full_screen_row_position=&#8221;middle&#8221; scene_position=&#8221;center&#8221; text_color=&#8221;dark&#8221; text_align=&#8221;left&#8221; disable_element=&#8221;yes&#8221; overlay_strength=&#8221;0.3&#8243; shape_divider_position=&#8221;bottom&#8221; shape_type=&#8221;&#8221;][vc_column column_padding=&#8221;no-extra-padding&#8221; column_padding_position=&#8221;all&#8221; background_color_opacity=&#8221;1&#8243; background_hover_color_opacity=&#8221;1&#8243; column_shadow=&#8221;none&#8221; column_border_radius=&#8221;none&#8221; width=&#8221;1\/1&#8243; tablet_text_alignment=&#8221;default&#8221; phone_text_alignment=&#8221;default&#8221; column_border_width=&#8221;none&#8221; column_border_style=&#8221;solid&#8221;][nectar_btn size=&#8221;jumbo&#8221; button_style=&#8221;regular-tilt&#8221; button_color=&#8221;Accent-Color&#8221; color_override=&#8221;#86935b&#8221; icon_family=&#8221;fontawesome&#8221; url=&#8221;#sotto2&#8243; css_animation=&#8221;bounce&#8221; icon_fontawesome=&#8221;fa fa-chevron-circle-down&#8221; text=&#8221;PARTECIPA&#8221;][vc_column_text]\n<p>&nbsp;<\/p>\n<p>&nbsp;<\/p>\n[\/vc_column_text][\/vc_column][\/vc_row][vc_row type=&#8221;full_width_background&#8221; full_screen_row_position=&#8221;middle&#8221; bg_color=&#8221;#ffffff&#8221; scene_position=&#8221;center&#8221; text_color=&#8221;light&#8221; text_align=&#8221;left&#8221; id=&#8221;sotto&#8221; disable_element=&#8221;yes&#8221; overlay_strength=&#8221;0.3&#8243; enable_shape_divider=&#8221;true&#8221; shape_divider_color=&#8221;#ffffff&#8221; shape_divider_position=&#8221;bottom&#8221; shape_divider_height=&#8221;5%&#8221; column_margin=&#8221;default&#8221; column_direction=&#8221;default&#8221; column_direction_tablet=&#8221;default&#8221; column_direction_phone=&#8221;default&#8221; row_border_radius=&#8221;none&#8221; row_border_radius_applies=&#8221;bg&#8221; bg_image_animation=&#8221;none&#8221; shape_type=&#8221;straight_section&#8221;][vc_column column_padding=&#8221;no-extra-padding&#8221; column_padding_position=&#8221;all&#8221; background_color_opacity=&#8221;1&#8243; background_hover_color_opacity=&#8221;1&#8243; column_shadow=&#8221;large_depth&#8221; column_border_radius=&#8221;none&#8221; top_margin=&#8221;-7%&#8221; width=&#8221;1\/1&#8243; tablet_text_alignment=&#8221;default&#8221; phone_text_alignment=&#8221;default&#8221; column_border_width=&#8221;none&#8221; column_border_style=&#8221;solid&#8221; column_padding_tablet=&#8221;inherit&#8221; column_padding_phone=&#8221;inherit&#8221; column_element_spacing=&#8221;default&#8221; column_link_target=&#8221;_self&#8221; gradient_direction=&#8221;left_to_right&#8221; overlay_strength=&#8221;0.3&#8243; tablet_width_inherit=&#8221;default&#8221; bg_image_animation=&#8221;none&#8221; border_type=&#8221;simple&#8221;][vc_row_inner column_margin=&#8221;default&#8221; text_align=&#8221;left&#8221;][vc_column_inner column_padding=&#8221;no-extra-padding&#8221; column_padding_position=&#8221;all&#8221; background_color_opacity=&#8221;1&#8243; background_hover_color_opacity=&#8221;1&#8243; column_shadow=&#8221;none&#8221; column_border_radius=&#8221;none&#8221; width=&#8221;1\/1&#8243; column_border_width=&#8221;none&#8221; column_border_style=&#8221;solid&#8221;][vc_column_text]\n<p style=\"text-align: center;\"><span style=\"color: #000000;\">Tutte le donazioni ad Ai.Bi. godono delle <strong>agevolazioni fiscali<\/strong> previste per le Onlus e le ONG.<\/span><\/p>\n[\/vc_column_text][\/vc_column_inner][\/vc_row_inner][\/vc_column][\/vc_row][vc_row type=&#8221;in_container&#8221; full_screen_row_position=&#8221;middle&#8221; scene_position=&#8221;center&#8221; text_color=&#8221;dark&#8221; text_align=&#8221;left&#8221; disable_element=&#8221;yes&#8221; overlay_strength=&#8221;0.3&#8243; shape_divider_position=&#8221;bottom&#8221; shape_type=&#8221;&#8221;][vc_column column_padding=&#8221;no-extra-padding&#8221; column_padding_position=&#8221;all&#8221; background_color_opacity=&#8221;1&#8243; background_hover_color_opacity=&#8221;1&#8243; column_shadow=&#8221;none&#8221; column_border_radius=&#8221;none&#8221; width=&#8221;1\/1&#8243; tablet_text_alignment=&#8221;default&#8221; phone_text_alignment=&#8221;default&#8221; column_border_width=&#8221;none&#8221; column_border_style=&#8221;solid&#8221;][vc_row_inner column_margin=&#8221;default&#8221; text_align=&#8221;left&#8221;][vc_column_inner column_padding=&#8221;no-extra-padding&#8221; column_padding_position=&#8221;all&#8221; background_color_opacity=&#8221;1&#8243; background_hover_color_opacity=&#8221;1&#8243; column_shadow=&#8221;none&#8221; column_border_radius=&#8221;none&#8221; top_margin=&#8221;2%&#8221; width=&#8221;1\/1&#8243; column_border_width=&#8221;none&#8221; column_border_style=&#8221;solid&#8221;][vc_custom_heading text=&#8221;Ai.Bi. Ringrazia&#8221; font_container=&#8221;tag:h2|text_align:left|color:%23ffffff&#8221; use_theme_fonts=&#8221;yes&#8221; css_animation=&#8221;none&#8221;][\/vc_column_inner][\/vc_row_inner][vc_row_inner column_margin=&#8221;default&#8221; text_align=&#8221;left&#8221; css=&#8221;.vc_custom_1640095346019{padding-top: 2% !important;}&#8221;][vc_column_inner column_padding=&#8221;no-extra-padding&#8221; column_padding_position=&#8221;top&#8221; background_color_opacity=&#8221;1&#8243; background_hover_color_opacity=&#8221;1&#8243; column_shadow=&#8221;none&#8221; column_border_radius=&#8221;none&#8221; bottom_margin=&#8221;5%&#8221; width=&#8221;1\/2&#8243; column_border_width=&#8221;none&#8221; column_border_style=&#8221;solid&#8221;][vc_column_text css=&#8221;.vc_custom_1637158380427{margin-bottom: 0px !important;padding-top: 0px !important;padding-bottom: 15px !important;}&#8221;]\n<h3>Sponsor<\/h3>\n[\/vc_column_text]<div class=\"img-with-aniamtion-wrap \" data-max-width=\"100%\" data-border-radius=\"none\"><div class=\"inner\"><img loading=\"lazy\" decoding=\"async\" data-shadow=\"medium_depth\" data-shadow-direction=\"middle\" class=\"img-with-animation \" data-delay=\"0\" height=\"251\" width=\"600\" data-animation=\"fade-in\" src=\"https:\/\/www.aibi.it\/lp\/wp-content\/uploads\/sponsorbb2021-2.jpg\" srcset=\"https:\/\/www.aibi.it\/lp\/wp-content\/uploads\/sponsorbb2021-2.jpg 600w, https:\/\/www.aibi.it\/lp\/wp-content\/uploads\/sponsorbb2021-2-300x126.jpg 300w\" sizes=\"auto, 100vw\" alt=\"\" \/><\/div><\/div>[\/vc_column_inner][vc_column_inner column_padding=&#8221;no-extra-padding&#8221; column_padding_position=&#8221;top&#8221; background_color_opacity=&#8221;1&#8243; background_hover_color_opacity=&#8221;1&#8243; column_shadow=&#8221;none&#8221; column_border_radius=&#8221;none&#8221; width=&#8221;1\/2&#8243; column_border_width=&#8221;none&#8221; column_border_style=&#8221;solid&#8221;][vc_column_text css=&#8221;.vc_custom_1637158342996{margin-bottom: 0px !important;padding-top: 0px !important;padding-bottom: 15px !important;}&#8221;]\n<h3>Partner<\/h3>\n[\/vc_column_text]<div class=\"img-with-aniamtion-wrap \" data-max-width=\"100%\" data-border-radius=\"none\"><div class=\"inner\"><img loading=\"lazy\" decoding=\"async\" data-shadow=\"medium_depth\" data-shadow-direction=\"middle\" class=\"img-with-animation \" data-delay=\"0\" height=\"251\" width=\"600\" data-animation=\"fade-in\" src=\"https:\/\/www.aibi.it\/lp\/wp-content\/uploads\/parnerbb2021.jpg\" srcset=\"https:\/\/www.aibi.it\/lp\/wp-content\/uploads\/parnerbb2021.jpg 600w, https:\/\/www.aibi.it\/lp\/wp-content\/uploads\/parnerbb2021-300x126.jpg 300w\" sizes=\"auto, 100vw\" alt=\"\" \/><\/div><\/div>[\/vc_column_inner][\/vc_row_inner][vc_column_text]\n[\/vc_column_text][\/vc_column][\/vc_row]\n","protected":false},"excerpt":{"rendered":"<p>[vc_row type=&#8221;full_width_background&#8221; full_screen_row_position=&#8221;middle&#8221; scene_position=&#8221;center&#8221; text_color=&#8221;dark&#8221; text_align=&#8221;left&#8221; id=&#8221;formadesione&#8221; overlay_strength=&#8221;0.3&#8243; shape_divider_position=&#8221;bottom&#8221; shape_type=&#8221;&#8221;][vc_column column_padding=&#8221;no-extra-padding&#8221; column_padding_position=&#8221;all&#8221; background_color_opacity=&#8221;1&#8243; background_hover_color_opacity=&#8221;1&#8243; column_shadow=&#8221;none&#8221; column_border_radius=&#8221;none&#8221; width=&#8221;1\/1&#8243; tablet_text_alignment=&#8221;default&#8221; phone_text_alignment=&#8221;default&#8221; column_border_width=&#8221;none&#8221; column_border_style=&#8221;solid&#8221; offset=&#8221;vc_hidden-lg vc_hidden-md vc_hidden-sm&#8221;][\/vc_column][\/vc_row][vc_row type=&#8221;full_width_background&#8221; full_screen_row_position=&#8221;middle&#8221; bg_image=&#8221;76299&#8243; bg_position=&#8221;center center&#8221; bg_repeat=&#8221;no-repeat&#8221;&#8230;<\/p>\n","protected":false},"author":2,"featured_media":76293,"parent":0,"menu_order":0,"comment_status":"closed","ping_status":"closed","template":"","meta":{"footnotes":""},"class_list":["post-76103","page","type-page","status-publish","has-post-thumbnail","hentry"],"yoast_head":"<!-- This site is optimized with the Yoast SEO plugin v26.3 - https:\/\/yoast.com\/wordpress\/plugins\/seo\/ -->\n<title>Il Bello che Fa Bene Christmas 2024<\/title>\n<meta name=\"description\" content=\"Una serata di autentica condivisione, in cui ogni ospite diventa protagonista. Partecipa attivamente e diventa protagonista di un\u2019esperienza di autentica solidariet\u00e0.\" \/>\n<meta name=\"robots\" content=\"index, follow, max-snippet:-1, max-image-preview:large, max-video-preview:-1\" \/>\n<link rel=\"canonical\" href=\"https:\/\/www.aibi.it\/lp\/ev-bb-24\/\" \/>\n<meta name=\"twitter:card\" content=\"summary_large_image\" \/>\n<meta name=\"twitter:title\" content=\"Il Bello che Fa Bene Christmas 2024\" \/>\n<meta name=\"twitter:description\" content=\"Una serata di autentica condivisione, in cui ogni ospite diventa protagonista. Partecipa attivamente e diventa protagonista di un\u2019esperienza di autentica solidariet\u00e0.\" \/>\n<meta name=\"twitter:image\" content=\"https:\/\/www.aibi.it\/lp\/wp-content\/uploads\/head2-dinner-scaled.jpg\" \/>\n<meta name=\"twitter:site\" content=\"@amicideibambini\" \/>\n<meta name=\"twitter:label1\" content=\"Tempo di lettura stimato\" \/>\n\t<meta name=\"twitter:data1\" content=\"9 minuti\" \/>\n<script type=\"application\/ld+json\" class=\"yoast-schema-graph\">{\"@context\":\"https:\/\/schema.org\",\"@graph\":[{\"@type\":\"WebPage\",\"@id\":\"https:\/\/www.aibi.it\/lp\/ev-bb-24\/\",\"url\":\"https:\/\/www.aibi.it\/lp\/ev-bb-24\/\",\"name\":\"Il Bello che Fa Bene Christmas 2024\",\"isPartOf\":{\"@id\":\"https:\/\/www.aibi.it\/lp\/#website\"},\"primaryImageOfPage\":{\"@id\":\"https:\/\/www.aibi.it\/lp\/ev-bb-24\/#primaryimage\"},\"image\":{\"@id\":\"https:\/\/www.aibi.it\/lp\/ev-bb-24\/#primaryimage\"},\"thumbnailUrl\":\"https:\/\/www.aibi.it\/lp\/wp-content\/uploads\/COPERTINA.png\",\"datePublished\":\"2023-10-05T10:20:49+00:00\",\"dateModified\":\"2024-11-19T19:16:14+00:00\",\"description\":\"Una serata di autentica condivisione, in cui ogni ospite diventa protagonista. Partecipa attivamente e diventa protagonista di un\u2019esperienza di autentica solidariet\u00e0.\",\"breadcrumb\":{\"@id\":\"https:\/\/www.aibi.it\/lp\/ev-bb-24\/#breadcrumb\"},\"inLanguage\":\"it-IT\",\"potentialAction\":[{\"@type\":\"ReadAction\",\"target\":[\"https:\/\/www.aibi.it\/lp\/ev-bb-24\/\"]}]},{\"@type\":\"ImageObject\",\"inLanguage\":\"it-IT\",\"@id\":\"https:\/\/www.aibi.it\/lp\/ev-bb-24\/#primaryimage\",\"url\":\"https:\/\/www.aibi.it\/lp\/wp-content\/uploads\/COPERTINA.png\",\"contentUrl\":\"https:\/\/www.aibi.it\/lp\/wp-content\/uploads\/COPERTINA.png\",\"width\":3000,\"height\":1688},{\"@type\":\"BreadcrumbList\",\"@id\":\"https:\/\/www.aibi.it\/lp\/ev-bb-24\/#breadcrumb\",\"itemListElement\":[{\"@type\":\"ListItem\",\"position\":1,\"name\":\"Home\",\"item\":\"https:\/\/www.aibi.it\/lp\/\"},{\"@type\":\"ListItem\",\"position\":2,\"name\":\"PRENOTA SERATA O DJ SET\"}]},{\"@type\":\"WebSite\",\"@id\":\"https:\/\/www.aibi.it\/lp\/#website\",\"url\":\"https:\/\/www.aibi.it\/lp\/\",\"name\":\"Ai.Bi.\",\"description\":\"Amici dei Bambini\",\"publisher\":{\"@id\":\"https:\/\/www.aibi.it\/lp\/#organization\"},\"potentialAction\":[{\"@type\":\"SearchAction\",\"target\":{\"@type\":\"EntryPoint\",\"urlTemplate\":\"https:\/\/www.aibi.it\/lp\/?s={search_term_string}\"},\"query-input\":{\"@type\":\"PropertyValueSpecification\",\"valueRequired\":true,\"valueName\":\"search_term_string\"}}],\"inLanguage\":\"it-IT\"},{\"@type\":\"Organization\",\"@id\":\"https:\/\/www.aibi.it\/lp\/#organization\",\"name\":\"Ai.Bi. Associazione Amici dei Bambini\",\"url\":\"https:\/\/www.aibi.it\/lp\/\",\"logo\":{\"@type\":\"ImageObject\",\"inLanguage\":\"it-IT\",\"@id\":\"https:\/\/www.aibi.it\/lp\/#\/schema\/logo\/image\/\",\"url\":\"https:\/\/www.aibi.it\/lp\/wp-content\/uploads\/2016\/08\/LOGO-AIBI-GRIGIO-E-ARANCIO.png\",\"contentUrl\":\"https:\/\/www.aibi.it\/lp\/wp-content\/uploads\/2016\/08\/LOGO-AIBI-GRIGIO-E-ARANCIO.png\",\"width\":1797,\"height\":766,\"caption\":\"Ai.Bi. Associazione Amici dei Bambini\"},\"image\":{\"@id\":\"https:\/\/www.aibi.it\/lp\/#\/schema\/logo\/image\/\"},\"sameAs\":[\"https:\/\/www.facebook.com\/Amicideibambini\/\",\"https:\/\/x.com\/amicideibambini\",\"http:\/\/amicideibambini\",\"https:\/\/www.linkedin.com\/company-beta\/430194\/\",\"https:\/\/www.youtube.com\/user\/AmicideiBambini\"]}]}<\/script>\n<!-- \/ Yoast SEO plugin. -->","yoast_head_json":{"title":"Il Bello che Fa Bene Christmas 2024","description":"Una serata di autentica condivisione, in cui ogni ospite diventa protagonista. Partecipa attivamente e diventa protagonista di un\u2019esperienza di autentica solidariet\u00e0.","robots":{"index":"index","follow":"follow","max-snippet":"max-snippet:-1","max-image-preview":"max-image-preview:large","max-video-preview":"max-video-preview:-1"},"canonical":"https:\/\/www.aibi.it\/lp\/ev-bb-24\/","twitter_card":"summary_large_image","twitter_title":"Il Bello che Fa Bene Christmas 2024","twitter_description":"Una serata di autentica condivisione, in cui ogni ospite diventa protagonista. Partecipa attivamente e diventa protagonista di un\u2019esperienza di autentica solidariet\u00e0.","twitter_image":"https:\/\/www.aibi.it\/lp\/wp-content\/uploads\/head2-dinner-scaled.jpg","twitter_site":"@amicideibambini","twitter_misc":{"Tempo di lettura stimato":"9 minuti"},"schema":{"@context":"https:\/\/schema.org","@graph":[{"@type":"WebPage","@id":"https:\/\/www.aibi.it\/lp\/ev-bb-24\/","url":"https:\/\/www.aibi.it\/lp\/ev-bb-24\/","name":"Il Bello che Fa Bene Christmas 2024","isPartOf":{"@id":"https:\/\/www.aibi.it\/lp\/#website"},"primaryImageOfPage":{"@id":"https:\/\/www.aibi.it\/lp\/ev-bb-24\/#primaryimage"},"image":{"@id":"https:\/\/www.aibi.it\/lp\/ev-bb-24\/#primaryimage"},"thumbnailUrl":"https:\/\/www.aibi.it\/lp\/wp-content\/uploads\/COPERTINA.png","datePublished":"2023-10-05T10:20:49+00:00","dateModified":"2024-11-19T19:16:14+00:00","description":"Una serata di autentica condivisione, in cui ogni ospite diventa protagonista. Partecipa attivamente e diventa protagonista di un\u2019esperienza di autentica solidariet\u00e0.","breadcrumb":{"@id":"https:\/\/www.aibi.it\/lp\/ev-bb-24\/#breadcrumb"},"inLanguage":"it-IT","potentialAction":[{"@type":"ReadAction","target":["https:\/\/www.aibi.it\/lp\/ev-bb-24\/"]}]},{"@type":"ImageObject","inLanguage":"it-IT","@id":"https:\/\/www.aibi.it\/lp\/ev-bb-24\/#primaryimage","url":"https:\/\/www.aibi.it\/lp\/wp-content\/uploads\/COPERTINA.png","contentUrl":"https:\/\/www.aibi.it\/lp\/wp-content\/uploads\/COPERTINA.png","width":3000,"height":1688},{"@type":"BreadcrumbList","@id":"https:\/\/www.aibi.it\/lp\/ev-bb-24\/#breadcrumb","itemListElement":[{"@type":"ListItem","position":1,"name":"Home","item":"https:\/\/www.aibi.it\/lp\/"},{"@type":"ListItem","position":2,"name":"PRENOTA SERATA O DJ SET"}]},{"@type":"WebSite","@id":"https:\/\/www.aibi.it\/lp\/#website","url":"https:\/\/www.aibi.it\/lp\/","name":"Ai.Bi.","description":"Amici dei Bambini","publisher":{"@id":"https:\/\/www.aibi.it\/lp\/#organization"},"potentialAction":[{"@type":"SearchAction","target":{"@type":"EntryPoint","urlTemplate":"https:\/\/www.aibi.it\/lp\/?s={search_term_string}"},"query-input":{"@type":"PropertyValueSpecification","valueRequired":true,"valueName":"search_term_string"}}],"inLanguage":"it-IT"},{"@type":"Organization","@id":"https:\/\/www.aibi.it\/lp\/#organization","name":"Ai.Bi. Associazione Amici dei Bambini","url":"https:\/\/www.aibi.it\/lp\/","logo":{"@type":"ImageObject","inLanguage":"it-IT","@id":"https:\/\/www.aibi.it\/lp\/#\/schema\/logo\/image\/","url":"https:\/\/www.aibi.it\/lp\/wp-content\/uploads\/2016\/08\/LOGO-AIBI-GRIGIO-E-ARANCIO.png","contentUrl":"https:\/\/www.aibi.it\/lp\/wp-content\/uploads\/2016\/08\/LOGO-AIBI-GRIGIO-E-ARANCIO.png","width":1797,"height":766,"caption":"Ai.Bi. Associazione Amici dei Bambini"},"image":{"@id":"https:\/\/www.aibi.it\/lp\/#\/schema\/logo\/image\/"},"sameAs":["https:\/\/www.facebook.com\/Amicideibambini\/","https:\/\/x.com\/amicideibambini","http:\/\/amicideibambini","https:\/\/www.linkedin.com\/company-beta\/430194\/","https:\/\/www.youtube.com\/user\/AmicideiBambini"]}]}},"_links":{"self":[{"href":"https:\/\/www.aibi.it\/lp\/wp-json\/wp\/v2\/pages\/76103","targetHints":{"allow":["GET"]}}],"collection":[{"href":"https:\/\/www.aibi.it\/lp\/wp-json\/wp\/v2\/pages"}],"about":[{"href":"https:\/\/www.aibi.it\/lp\/wp-json\/wp\/v2\/types\/page"}],"author":[{"embeddable":true,"href":"https:\/\/www.aibi.it\/lp\/wp-json\/wp\/v2\/users\/2"}],"replies":[{"embeddable":true,"href":"https:\/\/www.aibi.it\/lp\/wp-json\/wp\/v2\/comments?post=76103"}],"version-history":[{"count":83,"href":"https:\/\/www.aibi.it\/lp\/wp-json\/wp\/v2\/pages\/76103\/revisions"}],"predecessor-version":[{"id":76474,"href":"https:\/\/www.aibi.it\/lp\/wp-json\/wp\/v2\/pages\/76103\/revisions\/76474"}],"wp:featuredmedia":[{"embeddable":true,"href":"https:\/\/www.aibi.it\/lp\/wp-json\/wp\/v2\/media\/76293"}],"wp:attachment":[{"href":"https:\/\/www.aibi.it\/lp\/wp-json\/wp\/v2\/media?parent=76103"}],"curies":[{"name":"wp","href":"https:\/\/api.w.org\/{rel}","templated":true}]}}