{"id":76502,"date":"2024-11-20T14:33:19","date_gmt":"2024-11-20T14:33:19","guid":{"rendered":"https:\/\/www.aibi.it\/lp\/?page_id=76502"},"modified":"2024-12-10T14:26:58","modified_gmt":"2024-12-10T14:26:58","slug":"convegno-accoglienza-africa","status":"publish","type":"page","link":"https:\/\/www.aibi.it\/lp\/convegno-accoglienza-africa\/","title":{"rendered":"Convegno Esperienze e prospettive di accoglienza per le vittime di abbandono in Africa"},"content":{"rendered":"[vc_row type=&#8221;full_width_background&#8221; full_screen_row_position=&#8221;middle&#8221; bg_image=&#8221;76503&#8243; bg_position=&#8221;left top&#8221; bg_repeat=&#8221;no-repeat&#8221; bg_color=&#8221;#5c6971&#8243; scene_position=&#8221;center&#8221; text_color=&#8221;light&#8221; text_align=&#8221;left&#8221; top_padding=&#8221;8%&#8221; bottom_padding=&#8221;8%&#8221; id=&#8221;intro&#8221; row_name=&#8221;HOME&#8221; color_overlay=&#8221;#0f0f0f&#8221; overlay_strength=&#8221;0.5&#8243; shape_divider_position=&#8221;bottom&#8221; shape_type=&#8221;&#8221;][vc_column column_padding=&#8221;no-extra-padding&#8221; column_padding_position=&#8221;top-bottom&#8221; background_color_opacity=&#8221;1&#8243; background_hover_color_opacity=&#8221;1&#8243; column_shadow=&#8221;none&#8221; column_border_radius=&#8221;none&#8221; width=&#8221;1\/1&#8243; tablet_text_alignment=&#8221;default&#8221; phone_text_alignment=&#8221;default&#8221; column_border_width=&#8221;none&#8221; column_border_style=&#8221;solid&#8221;]<div class=\"img-with-aniamtion-wrap \" data-max-width=\"100%\" data-border-radius=\"15px\"><div class=\"inner\"><img loading=\"lazy\" decoding=\"async\" data-shadow=\"x_large_depth\" data-shadow-direction=\"middle\" class=\"img-with-animation \" data-delay=\"0\" height=\"128\" width=\"550\" data-animation=\"fade-in\" src=\"https:\/\/www.aibi.it\/lp\/wp-content\/uploads\/Loghi-LP.png\" srcset=\"https:\/\/www.aibi.it\/lp\/wp-content\/uploads\/Loghi-LP.png 550w, https:\/\/www.aibi.it\/lp\/wp-content\/uploads\/Loghi-LP-300x70.png 300w\" sizes=\"auto, 100vw\" alt=\"\" \/><\/div><\/div><div class=\"img-with-aniamtion-wrap \" data-max-width=\"100%\" data-border-radius=\"15px\"><div class=\"inner\"><img loading=\"lazy\" decoding=\"async\" data-shadow=\"none\" data-shadow-direction=\"middle\" class=\"img-with-animation \" data-delay=\"0\" height=\"128\" width=\"350\" data-animation=\"fade-in\" src=\"https:\/\/www.aibi.it\/lp\/wp-content\/uploads\/prov-bolzano-altoadige.jpg\" srcset=\"https:\/\/www.aibi.it\/lp\/wp-content\/uploads\/prov-bolzano-altoadige.jpg 350w, https:\/\/www.aibi.it\/lp\/wp-content\/uploads\/prov-bolzano-altoadige-300x110.jpg 300w\" sizes=\"auto, 100vw\" alt=\"\" \/><\/div><\/div>[split_line_heading]\n<h2><\/h2>\n<h2><\/h2>\n<h2><span style=\"color: #ffffff;\">Convegno Esperienze e prospettive di accoglienza per le vittime di abbandono in Africa<\/span><\/h2>\n[\/split_line_heading][vc_row_inner column_margin=&#8221;default&#8221; text_align=&#8221;left&#8221;][vc_column_inner enable_animation=&#8221;true&#8221; animation=&#8221;fade-in-from-bottom&#8221; column_padding=&#8221;no-extra-padding&#8221; column_padding_position=&#8221;all&#8221; background_color_opacity=&#8221;1&#8243; background_hover_color_opacity=&#8221;1&#8243; column_shadow=&#8221;none&#8221; column_border_radius=&#8221;none&#8221; width=&#8221;1\/1&#8243; column_border_width=&#8221;none&#8221; column_border_style=&#8221;solid&#8221; delay=&#8221;500&#8243;][vc_column_text css=&#8221;.vc_custom_1732113687472{padding-right: 50px !important;}&#8221;]\n<h2 style=\"text-align: left;\">CONVEGNO ON-LINE 12 dicembre 2024<\/h2>\n<p style=\"text-align: left;\"><strong>dalle 09.30 alle 13.30<\/strong><\/p>\n[\/vc_column_text][\/vc_column_inner][\/vc_row_inner][vc_row_inner column_margin=&#8221;default&#8221; text_align=&#8221;left&#8221;][vc_column_inner enable_animation=&#8221;true&#8221; animation=&#8221;fade-in-from-bottom&#8221; column_padding=&#8221;no-extra-padding&#8221; column_padding_position=&#8221;all&#8221; background_color_opacity=&#8221;1&#8243; background_hover_color_opacity=&#8221;1&#8243; column_shadow=&#8221;none&#8221; column_border_radius=&#8221;none&#8221; width=&#8221;1\/1&#8243; column_border_width=&#8221;none&#8221; column_border_style=&#8221;solid&#8221; delay=&#8221;700&#8243;][nectar_btn size=&#8221;large&#8221; button_style=&#8221;regular&#8221; button_color_2=&#8221;Accent-Color&#8221; color_override=&#8221;#ee7d0c&#8221; icon_family=&#8221;none&#8221; url=&#8221;#features&#8221; text=&#8221;Scopri il programma&#8221; margin_top=&#8221;5&#8243;][nectar_btn size=&#8221;large&#8221; button_style=&#8221;regular&#8221; button_color_2=&#8221;Accent-Color&#8221; color_override=&#8221;#23a500&#8243; icon_family=&#8221;none&#8221; url=&#8221;#convegnoai&#8221; text=&#8221;ISCRIVITI&#8221; margin_top=&#8221;5&#8243;][\/vc_column_inner][\/vc_row_inner][vc_column_text][\/vc_column_text][\/vc_column][\/vc_row][vc_row type=&#8221;full_width_background&#8221; full_screen_row_position=&#8221;middle&#8221; bg_color=&#8221;#ffffff&#8221; scene_position=&#8221;center&#8221; text_color=&#8221;dark&#8221; text_align=&#8221;left&#8221; top_padding=&#8221;5%&#8221; bottom_padding=&#8221;5%&#8221; id=&#8221;features&#8221; row_name=&#8221;PROGRAMMA&#8221; overlay_strength=&#8221;0.3&#8243; shape_divider_position=&#8221;bottom&#8221; shape_type=&#8221;&#8221;][vc_column column_padding=&#8221;padding-11-percent&#8221; column_padding_position=&#8221;left-right&#8221; background_color_opacity=&#8221;1&#8243; background_hover_color_opacity=&#8221;1&#8243; column_shadow=&#8221;none&#8221; column_border_radius=&#8221;none&#8221; width=&#8221;1\/1&#8243; tablet_text_alignment=&#8221;default&#8221; phone_text_alignment=&#8221;default&#8221; column_border_width=&#8221;none&#8221; column_border_style=&#8221;solid&#8221;][vc_row_inner column_margin=&#8221;default&#8221; text_align=&#8221;left&#8221;][vc_column_inner enable_animation=&#8221;true&#8221; animation=&#8221;fade-in&#8221; column_padding=&#8221;no-extra-padding&#8221; column_padding_position=&#8221;all&#8221; centered_text=&#8221;true&#8221; background_color_opacity=&#8221;1&#8243; background_hover_color_opacity=&#8221;1&#8243; column_shadow=&#8221;none&#8221; column_border_radius=&#8221;none&#8221; width=&#8221;1\/1&#8243; column_border_width=&#8221;none&#8221; column_border_style=&#8221;solid&#8221;][vc_column_text css=&#8221;.vc_custom_1733840815623{margin-top: 50px !important;margin-bottom: 15px !important;}&#8221;]\n<h2 style=\"text-align: center;\">Esperienze e prospettive di accoglienza per le vittime di abbandono in Africa<\/h2>\n<p style=\"text-align: center;\"><span style=\"font-weight: 400;\">Ai.Bi. Amici dei Bambini ETS e Faris \u2013 Family Relationship International School, con il contributo della Provincia Autonoma di Bolzano, organizzano un seminario per riflettere sugli impegni che la <\/span><b>cooperazione internazionale<\/b><span style=\"font-weight: 400;\"> e l\u2019<\/span><b>adozione<\/b><span style=\"font-weight: 400;\"> possono mettere in campo, in termini di accoglienza familiare, per rispondere al grido di aiuto di tutte le vittime di abbandono, vera emergenza umanitaria del nostro tempo.<\/span><span style=\"font-weight: 400;\"><br \/>\n<\/span><span style=\"font-weight: 400;\">Bambine e bambini, ragazze e ragazzi devono occupare una posizione privilegiata nelle comunit\u00e0 a livello mondiale, rappresentando il futuro della societ\u00e0, e in tal senso \u00e8 fondamentale porre attenzione alla loro crescita, garantendo un ambiente ricco di relazioni positive, a partire da quelle parentali.<\/span><\/p>\n<p style=\"text-align: center;\"><span style=\"font-weight: 400;\">Guardando a queste tematiche nella <\/span><span style=\"font-weight: 400;\">dimensione dello sviluppo e della possibilit\u00e0 di generare nuove relazioni tra l\u2019Africa e l\u2019Italia, la cooperazione e l\u2019adozione giocano un ruolo chiave. Perch\u00e9 se \u00e8 vero che l\u2019abbandono \u00e8 una piaga diffusa in tutto il mondo, in alcune zone del continente africano si fa sentire con particolare durezza, a causa di guerre e disordini che sembrano non trovare pace.<\/span><\/p>\n<p style=\"text-align: center;\"><span style=\"font-weight: 400;\">Nel documento di AOI: \u201cNuovo Partenariato con l\u2019Africa e Piano Mattei per l\u2019Africa\u201d si pone in evidenza che uno dei diritti mancanti nell\u2019Agenda 2030, <\/span><span style=\"font-weight: 400;\">riconosciuto per\u00f2 dalla Convenzione ONU del 1989, <\/span><span style=\"font-weight: 400;\">\u00e8 quello<\/span><span style=\"font-weight: 400;\"> di ogni minore a crescere all\u2019interno di una famiglia. Ecco perch\u00e9, anche nel sostegno del rapporto con il mondo africano, migrazioni comprese, le relazioni familiari rimangono una questione strategica per generare <\/span><span style=\"font-weight: 400;\">sviluppo umano integrale.<\/span><span style=\"font-weight: 400;\"><br \/>\n<\/span><span style=\"font-weight: 400;\">Non a caso, tra i goals definiti dall\u2019Agenda 2063 dell\u2019Unione Africana \u00e8 riportata la centralit\u00e0 di giovani, donne e bambini.<\/span><\/p>\n<p style=\"text-align: center;\"><b>La giornata intende essere una riflessione sulle sfide da affrontare nel prossimo futuro\u00a0 in cui occorre sempre di pi\u00f9 un impegno sistemico tra tutti gli attori per rispondere all&#8217;emergenza abbandono.<\/b><\/p>\n<hr \/>\n<p style=\"text-align: center;\"><strong>PROGRAMMA<\/strong><\/p>\n<p style=\"text-align: center;\"><strong>9.30 Saluti istituzionali<\/strong><br \/>\n<strong>Silvia Wasserer<\/strong> &#8211; Ufficio per la tutela dei minori e l\u2019inclusione sociale della Provincia Autonoma di Bolzano<br \/>\n<strong>Edmondo Cirielli<\/strong> &#8211; Viceministro degli Affari Esteri e della Cooperazione Internazionale<br \/>\n<strong>Vincenzo Starita<\/strong> &#8211; Vicepresidente della Commissione Adozione Internazionali, Ministero per la Famiglia, la Natalit\u00e0 e le Pari opportunit\u00e0<br \/>\n<strong>Marco Griffini<\/strong> &#8211; Presidente Ai.Bi. Amici dei Bambini ETS<\/p>\n<hr \/>\n<p style=\"text-align: center;\"><strong>10.15 Punti di osservazione dei territori<\/strong><\/p>\n<p style=\"text-align: center;\">Le strutture per minori nella citt\u00e0 di Goma (RDC) e le richieste dei bambini di strada<br \/>\nmappatura a cura del <strong>Prof Jean Pierre<\/strong> Kasuku Institut National du Travail Social &#8211; Goma<br \/>\ne di <strong>Alessandro Solagna<\/strong> cooperante Ai.Bi. in Repubblica Democratica del Congo<br \/>\n<strong>Patrick Mura<\/strong> &#8211; Direzione Generale per gli Italiani all\u2019Estero e Politiche Migratorie, Ministero degli Affari Esteri e della Cooperazione Internazionale<br \/>\n<strong>S.E. Enrico Nunziata<\/strong> &#8211; Ambasciatore della Repubblica Italiana in Repubblica del Congo-Brazzaville<br \/>\n<strong>Andrea Maria Palamidessi<\/strong> &#8211; Direzione Generale per la mondializzazione e le questioni globali, Ministero degli Esteri e della Cooperazione Internazionale<br \/>\n<strong>Bertrand Mani Ndongbour<\/strong> &#8211; Presidente del coordinamento italiano delle diaspore per la cooperazione internazionale: il ruolo delle diaspore nella cooperazione<br \/>\n<strong>Paola Severini Melograni<\/strong> &#8211; Direttore di Angelipress<br \/>\n<strong>Sara Muccioli e Manuele Cervellini<\/strong> &#8211; Nasce una nuova famiglia: il racconto di una famiglia di rientro dal Ghana<\/p>\n<hr \/>\n<p style=\"text-align: center;\"><strong>12. 40 Conclusioni<\/strong><br \/>\n<strong>Valentina Griffini<\/strong> Amministratore Delegato di Ai.Bi. Amici dei Bambini ETS ed esperta di Africa<br \/>\n<strong>Paola Berbeglia<\/strong> Vice Presidente AOI \u2013 Cooperazione e solidariet\u00e0 internazionale<\/p>\n<p style=\"text-align: center;\"><strong>Invitati a intervenire:<\/strong><\/p>\n<p style=\"text-align: center;\"><b>Antonio Tajani <\/b><span style=\"font-weight: 400;\">\u2013 Ministro degli Affari Esteri e della Cooperazione Internazionale<br \/>\n<\/span><\/p>\n<p style=\"text-align: center;\"><strong>Modera:<\/strong><br \/>\n<strong>Marzia Masiello<\/strong> Relazioni istituzionali Ai.Bi. Amici dei Bambini ETS<\/p>\n<p style=\"text-align: center;\">Segreteria iscrizioni e informazioni: <span style=\"color: #ff6600;\"><strong>faris@fondazioneaibi.it<\/strong><\/span><\/p>\n[\/vc_column_text]<div class=\"divider-wrap\"><div style=\"height: 50px;\" class=\"divider\"><\/div><\/div>[nectar_btn size=&#8221;large&#8221; button_style=&#8221;regular&#8221; button_color_2=&#8221;Accent-Color&#8221; color_override=&#8221;#23a500&#8243; icon_family=&#8221;none&#8221; url=&#8221;#convegnoai&#8221; text=&#8221;ISCRIVITI&#8221; margin_top=&#8221;5&#8243;][\/vc_column_inner][\/vc_row_inner]<div class=\"divider-wrap\"><div style=\"height: 200px;\" class=\"divider\"><\/div><\/div>[\/vc_column][\/vc_row][vc_row type=&#8221;full_width_background&#8221; full_screen_row_position=&#8221;middle&#8221; equal_height=&#8221;yes&#8221; content_placement=&#8221;middle&#8221; bg_image=&#8221;72331&#8243; bg_position=&#8221;left top&#8221; bg_repeat=&#8221;no-repeat&#8221; scene_position=&#8221;center&#8221; text_color=&#8221;dark&#8221; text_align=&#8221;left&#8221; top_padding=&#8221;4%&#8221; bottom_padding=&#8221;4%&#8221; id=&#8221;specs&#8221; row_name=&#8221;RELATORI&#8221; disable_element=&#8221;yes&#8221; color_overlay=&#8221;#ee7d0c&#8221; overlay_strength=&#8221;0.5&#8243; enable_shape_divider=&#8221;true&#8221; shape_divider_position=&#8221;bottom&#8221; shape_type=&#8221;mountains&#8221;][vc_column column_padding=&#8221;no-extra-padding&#8221; column_padding_position=&#8221;top-bottom&#8221; background_color_opacity=&#8221;1&#8243; background_hover_color_opacity=&#8221;1&#8243; column_shadow=&#8221;none&#8221; column_border_radius=&#8221;none&#8221; width=&#8221;1\/1&#8243; tablet_text_alignment=&#8221;default&#8221; phone_text_alignment=&#8221;default&#8221; column_border_width=&#8221;none&#8221; column_border_style=&#8221;solid&#8221;][nectar_animated_title heading_tag=&#8221;h4&#8243; style=&#8221;color-strip-reveal&#8221; color=&#8221;Accent-Color&#8221; text=&#8221;CONVEGNO ON-LINE&#8221;][vc_row_inner column_margin=&#8221;default&#8221; text_align=&#8221;left&#8221;][vc_column_inner column_padding=&#8221;no-extra-padding&#8221; column_padding_position=&#8221;all&#8221; background_color_opacity=&#8221;1&#8243; background_hover_color_opacity=&#8221;1&#8243; column_shadow=&#8221;none&#8221; column_border_radius=&#8221;none&#8221; width=&#8221;1\/1&#8243; column_border_width=&#8221;none&#8221; column_border_style=&#8221;solid&#8221;][nectar_animated_title heading_tag=&#8221;h2&#8243; style=&#8221;color-strip-reveal&#8221; color=&#8221;Extra-Color-3&#8243; text=&#8221;Relatori&#8221;][\/vc_column_inner][\/vc_row_inner][vc_row_inner column_margin=&#8221;default&#8221; bottom_padding=&#8221;40&#8243; text_align=&#8221;left&#8221;][vc_column_inner enable_animation=&#8221;true&#8221; animation=&#8221;fade-in-from-bottom&#8221; column_padding=&#8221;no-extra-padding&#8221; column_padding_position=&#8221;all&#8221; background_color_opacity=&#8221;1&#8243; background_hover_color_opacity=&#8221;1&#8243; column_shadow=&#8221;none&#8221; column_border_radius=&#8221;none&#8221; width=&#8221;1\/3&#8243; column_border_width=&#8221;none&#8221; column_border_style=&#8221;solid&#8221;][nectar_btn size=&#8221;large&#8221; button_style=&#8221;see-through-3d&#8221; color_override=&#8221;#ffffff&#8221; url=&#8221;#iscrizioneconvegno&#8221; text=&#8221;ISCRIVITI GRATUITAMENTE&#8221; margin_top=&#8221;5&#8243;][\/vc_column_inner][vc_column_inner enable_animation=&#8221;true&#8221; animation=&#8221;fade-in-from-bottom&#8221; column_padding=&#8221;padding-10-percent&#8221; column_padding_position=&#8221;left-right&#8221; background_color_opacity=&#8221;1&#8243; background_hover_color_opacity=&#8221;1&#8243; column_shadow=&#8221;none&#8221; column_border_radius=&#8221;none&#8221; width=&#8221;1\/3&#8243; column_border_width=&#8221;none&#8221; column_border_style=&#8221;solid&#8221; delay=&#8221;100&#8243;][vc_column_text]\n<p style=\"text-align: left;\"><strong><a href=\"https:\/\/www.linkedin.com\/in\/monica-barbarotto-b605b525\/\">Monica Barbarotto<\/a><\/strong><\/p>\n<p style=\"text-align: left;\"><strong><a href=\"https:\/\/www.unicef-irc.org\/article\/1266-dominic-richardson.html\">Dominic Richardson<\/a><\/strong><\/p>\n<p style=\"text-align: left;\"><strong><a href=\"http:\/\/www.consiglio.regione.toscana.it\/consiglieri\/scheda_consigliere?id=490\">Paolo Sarti<\/a><\/strong><\/p>\n<p style=\"text-align: left;\"><strong><a href=\"https:\/\/www.linkedin.com\/in\/ersilia-menesini-861a9b3b\/\">Ersilia Menesini<\/a><\/strong><\/p>\n<p style=\"text-align: left;\"><strong><a href=\"http:\/\/www.francescaberti.it\/\">Francesca Berti<\/a><\/strong><\/p>\n<p style=\"text-align: left;\"><strong><a href=\"https:\/\/www.linkedin.com\/in\/antoaneta-mateeva-989b4b37\/\">Antoaneta Mateeva<\/a><\/strong><\/p>\n<p style=\"text-align: left;\"><a href=\"https:\/\/www.linkedin.com\/in\/danut-fleaca-31219950\/\"><strong>Danut Fleaca<\/strong><\/a><\/p>\n<p><strong><a href=\"https:\/\/www.linkedin.com\/in\/cairo-gabriella-35194b41\/\">Gabriella Cairo<\/a><\/strong><\/p>\n<p><a href=\"https:\/\/www.linkedin.com\/in\/athina-kammenou-52872450\/\"><strong>Athina Kammenou<\/strong><\/a>[\/vc_column_text][\/vc_column_inner][vc_column_inner column_padding=&#8221;no-extra-padding&#8221; column_padding_position=&#8221;all&#8221; background_color_opacity=&#8221;1&#8243; background_hover_color_opacity=&#8221;1&#8243; column_shadow=&#8221;none&#8221; column_border_radius=&#8221;none&#8221; width=&#8221;1\/3&#8243; column_border_width=&#8221;none&#8221; column_border_style=&#8221;solid&#8221;][vc_column_text]\n<p style=\"text-align: left;\"><strong><a href=\"https:\/\/www.linkedin.com\/in\/giovanni-vigan%C3%B2-b7abab3\/\">Giovanni Vigan\u00f2<\/a><\/strong><\/p>\n<p style=\"text-align: left;\"><a href=\"https:\/\/www.linkedin.com\/in\/nicole-ferreira-28b02931\/\"><strong>Nicole Ferreira<\/strong><\/a><\/p>\n<p style=\"text-align: left;\"><strong><a href=\"https:\/\/www.linkedin.com\/in\/nuri-wieland-30464689\/\">Nuri Wieland<\/a><\/strong><\/p>\n<p style=\"text-align: left;\"><a href=\"https:\/\/www.linkedin.com\/in\/marzia-calvano-0ba4a148\/\"><strong>Marzia Calvano<\/strong><\/a><\/p>\n<p style=\"text-align: left;\"><strong><a href=\"http:\/\/presidenza.governo.it\/AmministrazioneTrasparente\/Personale\/curriculum\/dettaglio.asp?d=15300030&amp;queryInServizio=nocessa\">Angelo Mari<\/a><\/strong><\/p>\n<p style=\"text-align: left;\">Giovanni Fulvi<\/p>\n<p style=\"text-align: left;\"><strong><a href=\"http:\/\/www.garanteinfanzia.org\/il-garante\">Filomena Albano<\/a><\/strong><\/p>\n[\/vc_column_text][\/vc_column_inner][\/vc_row_inner][\/vc_column][\/vc_row][vc_row type=&#8221;full_width_content&#8221; full_screen_row_position=&#8221;full_height&#8221; scene_position=&#8221;center&#8221; text_color=&#8221;light&#8221; text_align=&#8221;left&#8221; id=&#8221;download&#8221; row_name=&#8221;AREA DOWNLOAD&#8221; disable_element=&#8221;yes&#8221; overlay_strength=&#8221;0.3&#8243; shape_divider_position=&#8221;bottom&#8221; shape_type=&#8221;&#8221;][vc_column column_padding=&#8221;no-extra-padding&#8221; column_padding_position=&#8221;left-right&#8221; background_color_opacity=&#8221;1&#8243; background_hover_color_opacity=&#8221;1&#8243; column_shadow=&#8221;none&#8221; column_border_radius=&#8221;none&#8221; width=&#8221;1\/2&#8243; tablet_text_alignment=&#8221;default&#8221; phone_text_alignment=&#8221;default&#8221; column_border_width=&#8221;none&#8221; column_border_style=&#8221;solid&#8221;][vc_row_inner content_placement=&#8221;top&#8221; column_margin=&#8221;default&#8221; text_align=&#8221;left&#8221;][vc_column_inner column_padding=&#8221;padding-5-percent&#8221; column_padding_position=&#8221;all&#8221; background_color=&#8221;#687981&#8243; background_color_opacity=&#8221;1&#8243; background_hover_color_opacity=&#8221;1&#8243; column_shadow=&#8221;none&#8221; column_border_radius=&#8221;none&#8221; width=&#8221;1\/1&#8243; column_border_width=&#8221;none&#8221; column_border_style=&#8221;solid&#8221;][vc_column_text]\n<h3>KIT PROGRAMMA BIC<\/h3>\n<p>Il programma BIC \u00e8 volto alla prevenzione e al contrasto del bullismo all\u2019interno delle strutture residenziali per minori.<\/p>\n<ul>\n<li><a href=\"https:\/\/www.aibi.it\/lp\/wp-content\/uploads\/bic-for-kids-ita.pdf\">BIC-for-kids-ita<\/a><\/li>\n<li><a href=\"https:\/\/www.aibi.it\/lp\/wp-content\/uploads\/bic-for-teens-ita.pdf\">BIC-for-teens-ita<\/a><\/li>\n<li><a href=\"https:\/\/www.aibi.it\/lp\/wp-content\/uploads\/Manuale-per-formatori_ITA.pdf\">Manuale per formatori_ITA<\/a><\/li>\n<li><a href=\"https:\/\/www.aibi.it\/lp\/wp-content\/uploads\/manuale-di-applicazioneo-bic-for-teens.pdf\">Manuale-di-applicazione-bic-for-teens<\/a><\/li>\n<li><a href=\"https:\/\/www.aibi.it\/lp\/wp-content\/uploads\/strumento-ludodidattico-bic-for-kids.pdf\">Strumento-ludodidattico-bic-for-kids<\/a><\/li>\n<\/ul>\n[\/vc_column_text]<div class=\"divider-wrap\"><div style=\"height: 200px;\" class=\"divider\"><\/div><\/div><div class=\"divider-wrap\"><div style=\"height: 50px;\" class=\"divider\"><\/div><\/div>[\/vc_column_inner][\/vc_row_inner][\/vc_column][vc_column column_padding=&#8221;no-extra-padding&#8221; column_padding_position=&#8221;left-right&#8221; background_color_opacity=&#8221;1&#8243; background_hover_color_opacity=&#8221;1&#8243; column_shadow=&#8221;none&#8221; column_border_radius=&#8221;none&#8221; width=&#8221;1\/2&#8243; tablet_text_alignment=&#8221;default&#8221; phone_text_alignment=&#8221;default&#8221; column_border_width=&#8221;none&#8221; column_border_style=&#8221;solid&#8221;][vc_row_inner content_placement=&#8221;top&#8221; column_margin=&#8221;default&#8221; text_align=&#8221;left&#8221;][vc_column_inner column_padding=&#8221;padding-8-percent&#8221; column_padding_position=&#8221;all&#8221; background_color=&#8221;#6b6b6b&#8221; background_color_opacity=&#8221;1&#8243; background_hover_color_opacity=&#8221;1&#8243; column_shadow=&#8221;none&#8221; column_border_radius=&#8221;none&#8221; width=&#8221;1\/1&#8243; column_border_width=&#8221;none&#8221; column_border_style=&#8221;solid&#8221;][vc_column_text]\n<h3>Programma Webinar<\/h3>\n[\/vc_column_text][nectar_btn size=&#8221;large&#8221; open_new_tab=&#8221;true&#8221; button_style=&#8221;see-through-3d&#8221; color_override=&#8221;#ffffff&#8221; url=&#8221;https:\/\/www.aibi.it\/lp\/wp-content\/uploads\/programma-bullying-firenze-low.pdf&#8221; text=&#8221;Scarica il Programma&#8221; margin_top=&#8221;40&#8243;]<div class=\"divider-wrap\"><div style=\"height: 30px;\" class=\"divider\"><\/div><\/div>[\/vc_column_inner][\/vc_row_inner][\/vc_column][\/vc_row]\n","protected":false},"excerpt":{"rendered":"<p>[vc_row type=&#8221;full_width_background&#8221; full_screen_row_position=&#8221;middle&#8221; bg_image=&#8221;76503&#8243; bg_position=&#8221;left top&#8221; bg_repeat=&#8221;no-repeat&#8221; bg_color=&#8221;#5c6971&#8243; scene_position=&#8221;center&#8221; text_color=&#8221;light&#8221; text_align=&#8221;left&#8221; top_padding=&#8221;8%&#8221; bottom_padding=&#8221;8%&#8221; id=&#8221;intro&#8221; row_name=&#8221;HOME&#8221; color_overlay=&#8221;#0f0f0f&#8221; overlay_strength=&#8221;0.5&#8243; shape_divider_position=&#8221;bottom&#8221; shape_type=&#8221;&#8221;][vc_column column_padding=&#8221;no-extra-padding&#8221; column_padding_position=&#8221;top-bottom&#8221; background_color_opacity=&#8221;1&#8243; background_hover_color_opacity=&#8221;1&#8243; column_shadow=&#8221;none&#8221; column_border_radius=&#8221;none&#8221; width=&#8221;1\/1&#8243; tablet_text_alignment=&#8221;default&#8221; phone_text_alignment=&#8221;default&#8221; column_border_width=&#8221;none&#8221; column_border_style=&#8221;solid&#8221;][split_line_heading]&#8230;<\/p>\n","protected":false},"author":2,"featured_media":76503,"parent":0,"menu_order":0,"comment_status":"closed","ping_status":"open","template":"template-no-header-footer.php","meta":{"footnotes":""},"class_list":["post-76502","page","type-page","status-publish","has-post-thumbnail","hentry"],"yoast_head":"<!-- This site is optimized with the Yoast SEO plugin v26.3 - https:\/\/yoast.com\/wordpress\/plugins\/seo\/ -->\n<title>Convegno Accoglienza Africa<\/title>\n<meta name=\"description\" content=\"Esperienze e prospettive di accoglienza per le vittime di abbandono in Africa\" \/>\n<meta name=\"robots\" content=\"index, follow, max-snippet:-1, max-image-preview:large, max-video-preview:-1\" \/>\n<link rel=\"canonical\" href=\"https:\/\/www.aibi.it\/lp\/convegno-accoglienza-africa\/\" \/>\n<meta name=\"twitter:card\" content=\"summary_large_image\" \/>\n<meta name=\"twitter:title\" content=\"Convegno Accoglienza Africa\" \/>\n<meta name=\"twitter:description\" content=\"Esperienze e prospettive di accoglienza per le vittime di abbandono in Africa\" \/>\n<meta name=\"twitter:image\" content=\"https:\/\/www.aibi.it\/lp\/wp-content\/uploads\/sfondo-conv-bz-23-1.jpg\" \/>\n<meta name=\"twitter:site\" content=\"@amicideibambini\" \/>\n<meta name=\"twitter:label1\" content=\"Tempo di lettura stimato\" \/>\n\t<meta name=\"twitter:data1\" content=\"6 minuti\" \/>\n<script type=\"application\/ld+json\" class=\"yoast-schema-graph\">{\"@context\":\"https:\/\/schema.org\",\"@graph\":[{\"@type\":\"WebPage\",\"@id\":\"https:\/\/www.aibi.it\/lp\/convegno-accoglienza-africa\/\",\"url\":\"https:\/\/www.aibi.it\/lp\/convegno-accoglienza-africa\/\",\"name\":\"Convegno Accoglienza Africa\",\"isPartOf\":{\"@id\":\"https:\/\/www.aibi.it\/lp\/#website\"},\"primaryImageOfPage\":{\"@id\":\"https:\/\/www.aibi.it\/lp\/convegno-accoglienza-africa\/#primaryimage\"},\"image\":{\"@id\":\"https:\/\/www.aibi.it\/lp\/convegno-accoglienza-africa\/#primaryimage\"},\"thumbnailUrl\":\"https:\/\/www.aibi.it\/lp\/wp-content\/uploads\/sfondo-conv-bz-23-1.jpg\",\"datePublished\":\"2024-11-20T14:33:19+00:00\",\"dateModified\":\"2024-12-10T14:26:58+00:00\",\"description\":\"Esperienze e prospettive di accoglienza per le vittime di abbandono in Africa\",\"breadcrumb\":{\"@id\":\"https:\/\/www.aibi.it\/lp\/convegno-accoglienza-africa\/#breadcrumb\"},\"inLanguage\":\"it-IT\",\"potentialAction\":[{\"@type\":\"ReadAction\",\"target\":[\"https:\/\/www.aibi.it\/lp\/convegno-accoglienza-africa\/\"]}]},{\"@type\":\"ImageObject\",\"inLanguage\":\"it-IT\",\"@id\":\"https:\/\/www.aibi.it\/lp\/convegno-accoglienza-africa\/#primaryimage\",\"url\":\"https:\/\/www.aibi.it\/lp\/wp-content\/uploads\/sfondo-conv-bz-23-1.jpg\",\"contentUrl\":\"https:\/\/www.aibi.it\/lp\/wp-content\/uploads\/sfondo-conv-bz-23-1.jpg\",\"width\":1920,\"height\":905},{\"@type\":\"BreadcrumbList\",\"@id\":\"https:\/\/www.aibi.it\/lp\/convegno-accoglienza-africa\/#breadcrumb\",\"itemListElement\":[{\"@type\":\"ListItem\",\"position\":1,\"name\":\"Home\",\"item\":\"https:\/\/www.aibi.it\/lp\/\"},{\"@type\":\"ListItem\",\"position\":2,\"name\":\"Convegno Esperienze e prospettive di accoglienza per le vittime di abbandono in Africa\"}]},{\"@type\":\"WebSite\",\"@id\":\"https:\/\/www.aibi.it\/lp\/#website\",\"url\":\"https:\/\/www.aibi.it\/lp\/\",\"name\":\"Ai.Bi.\",\"description\":\"Amici dei Bambini\",\"publisher\":{\"@id\":\"https:\/\/www.aibi.it\/lp\/#organization\"},\"potentialAction\":[{\"@type\":\"SearchAction\",\"target\":{\"@type\":\"EntryPoint\",\"urlTemplate\":\"https:\/\/www.aibi.it\/lp\/?s={search_term_string}\"},\"query-input\":{\"@type\":\"PropertyValueSpecification\",\"valueRequired\":true,\"valueName\":\"search_term_string\"}}],\"inLanguage\":\"it-IT\"},{\"@type\":\"Organization\",\"@id\":\"https:\/\/www.aibi.it\/lp\/#organization\",\"name\":\"Ai.Bi. Associazione Amici dei Bambini\",\"url\":\"https:\/\/www.aibi.it\/lp\/\",\"logo\":{\"@type\":\"ImageObject\",\"inLanguage\":\"it-IT\",\"@id\":\"https:\/\/www.aibi.it\/lp\/#\/schema\/logo\/image\/\",\"url\":\"https:\/\/www.aibi.it\/lp\/wp-content\/uploads\/2016\/08\/LOGO-AIBI-GRIGIO-E-ARANCIO.png\",\"contentUrl\":\"https:\/\/www.aibi.it\/lp\/wp-content\/uploads\/2016\/08\/LOGO-AIBI-GRIGIO-E-ARANCIO.png\",\"width\":1797,\"height\":766,\"caption\":\"Ai.Bi. Associazione Amici dei Bambini\"},\"image\":{\"@id\":\"https:\/\/www.aibi.it\/lp\/#\/schema\/logo\/image\/\"},\"sameAs\":[\"https:\/\/www.facebook.com\/Amicideibambini\/\",\"https:\/\/x.com\/amicideibambini\",\"http:\/\/amicideibambini\",\"https:\/\/www.linkedin.com\/company-beta\/430194\/\",\"https:\/\/www.youtube.com\/user\/AmicideiBambini\"]}]}<\/script>\n<!-- \/ Yoast SEO plugin. -->","yoast_head_json":{"title":"Convegno Accoglienza Africa","description":"Esperienze e prospettive di accoglienza per le vittime di abbandono in Africa","robots":{"index":"index","follow":"follow","max-snippet":"max-snippet:-1","max-image-preview":"max-image-preview:large","max-video-preview":"max-video-preview:-1"},"canonical":"https:\/\/www.aibi.it\/lp\/convegno-accoglienza-africa\/","twitter_card":"summary_large_image","twitter_title":"Convegno Accoglienza Africa","twitter_description":"Esperienze e prospettive di accoglienza per le vittime di abbandono in Africa","twitter_image":"https:\/\/www.aibi.it\/lp\/wp-content\/uploads\/sfondo-conv-bz-23-1.jpg","twitter_site":"@amicideibambini","twitter_misc":{"Tempo di lettura stimato":"6 minuti"},"schema":{"@context":"https:\/\/schema.org","@graph":[{"@type":"WebPage","@id":"https:\/\/www.aibi.it\/lp\/convegno-accoglienza-africa\/","url":"https:\/\/www.aibi.it\/lp\/convegno-accoglienza-africa\/","name":"Convegno Accoglienza Africa","isPartOf":{"@id":"https:\/\/www.aibi.it\/lp\/#website"},"primaryImageOfPage":{"@id":"https:\/\/www.aibi.it\/lp\/convegno-accoglienza-africa\/#primaryimage"},"image":{"@id":"https:\/\/www.aibi.it\/lp\/convegno-accoglienza-africa\/#primaryimage"},"thumbnailUrl":"https:\/\/www.aibi.it\/lp\/wp-content\/uploads\/sfondo-conv-bz-23-1.jpg","datePublished":"2024-11-20T14:33:19+00:00","dateModified":"2024-12-10T14:26:58+00:00","description":"Esperienze e prospettive di accoglienza per le vittime di abbandono in Africa","breadcrumb":{"@id":"https:\/\/www.aibi.it\/lp\/convegno-accoglienza-africa\/#breadcrumb"},"inLanguage":"it-IT","potentialAction":[{"@type":"ReadAction","target":["https:\/\/www.aibi.it\/lp\/convegno-accoglienza-africa\/"]}]},{"@type":"ImageObject","inLanguage":"it-IT","@id":"https:\/\/www.aibi.it\/lp\/convegno-accoglienza-africa\/#primaryimage","url":"https:\/\/www.aibi.it\/lp\/wp-content\/uploads\/sfondo-conv-bz-23-1.jpg","contentUrl":"https:\/\/www.aibi.it\/lp\/wp-content\/uploads\/sfondo-conv-bz-23-1.jpg","width":1920,"height":905},{"@type":"BreadcrumbList","@id":"https:\/\/www.aibi.it\/lp\/convegno-accoglienza-africa\/#breadcrumb","itemListElement":[{"@type":"ListItem","position":1,"name":"Home","item":"https:\/\/www.aibi.it\/lp\/"},{"@type":"ListItem","position":2,"name":"Convegno Esperienze e prospettive di accoglienza per le vittime di abbandono in Africa"}]},{"@type":"WebSite","@id":"https:\/\/www.aibi.it\/lp\/#website","url":"https:\/\/www.aibi.it\/lp\/","name":"Ai.Bi.","description":"Amici dei Bambini","publisher":{"@id":"https:\/\/www.aibi.it\/lp\/#organization"},"potentialAction":[{"@type":"SearchAction","target":{"@type":"EntryPoint","urlTemplate":"https:\/\/www.aibi.it\/lp\/?s={search_term_string}"},"query-input":{"@type":"PropertyValueSpecification","valueRequired":true,"valueName":"search_term_string"}}],"inLanguage":"it-IT"},{"@type":"Organization","@id":"https:\/\/www.aibi.it\/lp\/#organization","name":"Ai.Bi. Associazione Amici dei Bambini","url":"https:\/\/www.aibi.it\/lp\/","logo":{"@type":"ImageObject","inLanguage":"it-IT","@id":"https:\/\/www.aibi.it\/lp\/#\/schema\/logo\/image\/","url":"https:\/\/www.aibi.it\/lp\/wp-content\/uploads\/2016\/08\/LOGO-AIBI-GRIGIO-E-ARANCIO.png","contentUrl":"https:\/\/www.aibi.it\/lp\/wp-content\/uploads\/2016\/08\/LOGO-AIBI-GRIGIO-E-ARANCIO.png","width":1797,"height":766,"caption":"Ai.Bi. Associazione Amici dei Bambini"},"image":{"@id":"https:\/\/www.aibi.it\/lp\/#\/schema\/logo\/image\/"},"sameAs":["https:\/\/www.facebook.com\/Amicideibambini\/","https:\/\/x.com\/amicideibambini","http:\/\/amicideibambini","https:\/\/www.linkedin.com\/company-beta\/430194\/","https:\/\/www.youtube.com\/user\/AmicideiBambini"]}]}},"_links":{"self":[{"href":"https:\/\/www.aibi.it\/lp\/wp-json\/wp\/v2\/pages\/76502","targetHints":{"allow":["GET"]}}],"collection":[{"href":"https:\/\/www.aibi.it\/lp\/wp-json\/wp\/v2\/pages"}],"about":[{"href":"https:\/\/www.aibi.it\/lp\/wp-json\/wp\/v2\/types\/page"}],"author":[{"embeddable":true,"href":"https:\/\/www.aibi.it\/lp\/wp-json\/wp\/v2\/users\/2"}],"replies":[{"embeddable":true,"href":"https:\/\/www.aibi.it\/lp\/wp-json\/wp\/v2\/comments?post=76502"}],"version-history":[{"count":15,"href":"https:\/\/www.aibi.it\/lp\/wp-json\/wp\/v2\/pages\/76502\/revisions"}],"predecessor-version":[{"id":76529,"href":"https:\/\/www.aibi.it\/lp\/wp-json\/wp\/v2\/pages\/76502\/revisions\/76529"}],"wp:featuredmedia":[{"embeddable":true,"href":"https:\/\/www.aibi.it\/lp\/wp-json\/wp\/v2\/media\/76503"}],"wp:attachment":[{"href":"https:\/\/www.aibi.it\/lp\/wp-json\/wp\/v2\/media?parent=76502"}],"curies":[{"name":"wp","href":"https:\/\/api.w.org\/{rel}","templated":true}]}}